{"id":2036,"date":"2025-02-07T17:08:29","date_gmt":"2025-02-07T16:08:29","guid":{"rendered":"https:\/\/www.afluxuryrent.com\/?page_id=2036"},"modified":"2025-07-09T10:03:28","modified_gmt":"2025-07-09T08:03:28","slug":"noleggio-auto-di-lusso-a-milano","status":"publish","type":"page","link":"https:\/\/www.afluxuryrent.com\/it\/destinazioni\/noleggio-auto-di-lusso-a-milano\/","title":{"rendered":"Destinazioni &#8211; Milano"},"content":{"rendered":"\t\t<div data-elementor-type=\"wp-page\" data-elementor-id=\"2036\" class=\"elementor elementor-2036\" data-elementor-post-type=\"page\">\n\t\t\t\t\t\t<section class=\"elementor-section elementor-top-section elementor-element elementor-element-5846f4d elementor-section-full_width elementor-reverse-tablet elementor-reverse-mobile elementor-section-height-default elementor-section-height-default\" data-id=\"5846f4d\" data-element_type=\"section\" data-e-type=\"section\">\n\t\t\t\t\t\t<div class=\"elementor-container elementor-column-gap-default\">\n\t\t\t\t\t<div class=\"elementor-column elementor-col-50 elementor-top-column elementor-element elementor-element-d2d9772\" data-id=\"d2d9772\" data-element_type=\"column\" data-e-type=\"column\">\n\t\t\t<div class=\"elementor-widget-wrap elementor-element-populated\">\n\t\t\t\t\t\t<div class=\"elementor-element elementor-element-d585d4b elementor-widget elementor-widget-heading\" data-id=\"d585d4b\" data-element_type=\"widget\" data-e-type=\"widget\" data-widget_type=\"heading.default\">\n\t\t\t\t<div class=\"elementor-widget-container\">\n\t\t\t\t\t<h1 class=\"elementor-heading-title elementor-size-default\">Noleggio auto di lusso a <b class=\"oro\">Milano <\/b><\/h1>\t\t\t\t<\/div>\n\t\t\t\t<\/div>\n\t\t\t\t<div class=\"elementor-element elementor-element-7568632 elementor-widget elementor-widget-text-editor\" data-id=\"7568632\" data-element_type=\"widget\" data-e-type=\"widget\" data-widget_type=\"text-editor.default\">\n\t\t\t\t<div class=\"elementor-widget-container\">\n\t\t\t\t\t\t\t\t\t<p>Milano non \u00e8 solo una citt\u00e0, \u00e8 un\u2019esperienza da vivere con stile. Capitale della moda, del design e dell\u2019innovazione, sorprende con il suo mix perfetto di storia e modernit\u00e0.\u00a0<\/p><p>Le sue strade eleganti, le boutique esclusive e le piazze iconiche creano un\u2019atmosfera unica, da assaporare senza fretta.<\/p><p>Quale modo migliore per farlo se non a bordo di un\u2019auto di lusso?<\/p>\t\t\t\t\t\t\t\t<\/div>\n\t\t\t\t<\/div>\n\t\t\t\t<div class=\"elementor-element elementor-element-3d2c42c elementor-align-left elementor-widget elementor-widget-button\" data-id=\"3d2c42c\" data-element_type=\"widget\" data-e-type=\"widget\" data-widget_type=\"button.default\">\n\t\t\t\t<div class=\"elementor-widget-container\">\n\t\t\t\t\t\t\t\t\t<div class=\"elementor-button-wrapper\">\n\t\t\t\t\t<a class=\"elementor-button elementor-button-link elementor-size-sm\" href=\"#auto\">\n\t\t\t\t\t\t<span class=\"elementor-button-content-wrapper\">\n\t\t\t\t\t\t\t\t\t<span class=\"elementor-button-text\">Noleggia la tua auto di lusso <\/span>\n\t\t\t\t\t<\/span>\n\t\t\t\t\t<\/a>\n\t\t\t\t<\/div>\n\t\t\t\t\t\t\t\t<\/div>\n\t\t\t\t<\/div>\n\t\t\t\t\t<\/div>\n\t\t<\/div>\n\t\t\t\t<div class=\"elementor-column elementor-col-50 elementor-top-column elementor-element elementor-element-b298d36\" data-id=\"b298d36\" data-element_type=\"column\" data-e-type=\"column\" data-settings=\"{&quot;background_background&quot;:&quot;classic&quot;}\">\n\t\t\t<div class=\"elementor-widget-wrap elementor-element-populated\">\n\t\t\t\t\t\t<div class=\"elementor-element elementor-element-cee8e1a elementor-widget elementor-widget-spacer\" data-id=\"cee8e1a\" data-element_type=\"widget\" data-e-type=\"widget\" data-widget_type=\"spacer.default\">\n\t\t\t\t<div class=\"elementor-widget-container\">\n\t\t\t\t\t\t\t<div class=\"elementor-spacer\">\n\t\t\t<div class=\"elementor-spacer-inner\"><\/div>\n\t\t<\/div>\n\t\t\t\t\t\t<\/div>\n\t\t\t\t<\/div>\n\t\t\t\t\t<\/div>\n\t\t<\/div>\n\t\t\t\t\t<\/div>\n\t\t<\/section>\n\t\t\t\t<section class=\"elementor-section elementor-top-section elementor-element elementor-element-aa2288e elementor-section-full_width elementor-section-height-default elementor-section-height-default\" data-id=\"aa2288e\" data-element_type=\"section\" data-e-type=\"section\" data-settings=\"{&quot;background_background&quot;:&quot;classic&quot;}\">\n\t\t\t\t\t\t<div class=\"elementor-container elementor-column-gap-default\">\n\t\t\t\t\t<div class=\"elementor-column elementor-col-100 elementor-top-column elementor-element elementor-element-d79af90\" data-id=\"d79af90\" data-element_type=\"column\" data-e-type=\"column\">\n\t\t\t<div class=\"elementor-widget-wrap elementor-element-populated\">\n\t\t\t\t\t\t<div class=\"elementor-element elementor-element-27ae25b elementor-widget elementor-widget-heading\" data-id=\"27ae25b\" data-element_type=\"widget\" data-e-type=\"widget\" data-widget_type=\"heading.default\">\n\t\t\t\t<div class=\"elementor-widget-container\">\n\t\t\t\t\t<h2 class=\"elementor-heading-title elementor-size-default\">Milano da vivere: esperienze imperdibili a bordo di un\u2019auto di lusso <\/h2>\t\t\t\t<\/div>\n\t\t\t\t<\/div>\n\t\t\t\t<div class=\"elementor-element elementor-element-7e954cb elementor-widget elementor-widget-text-editor\" data-id=\"7e954cb\" data-element_type=\"widget\" data-e-type=\"widget\" data-widget_type=\"text-editor.default\">\n\t\t\t\t<div class=\"elementor-widget-container\">\n\t\t\t\t\t\t\t\t\t<p>Stai organizzando un viaggio a Milano e vuoi viverlo con il massimo dello stile e del comfort? Noleggiare un\u2019auto di lusso \u00e8 il modo perfetto per immergersi nell\u2019atmosfera esclusiva della citt\u00e0. Tra moda, design e raffinatezza, ogni strada diventa una passerella da percorrere a bordo di un\u2019auto top di gamma.<\/p>\t\t\t\t\t\t\t\t<\/div>\n\t\t\t\t<\/div>\n\t\t\t\t<div class=\"elementor-element elementor-element-f286eaf elementor-widget elementor-widget-heading\" data-id=\"f286eaf\" data-element_type=\"widget\" data-e-type=\"widget\" data-widget_type=\"heading.default\">\n\t\t\t\t<div class=\"elementor-widget-container\">\n\t\t\t\t\t<h3 class=\"elementor-heading-title elementor-size-default\">Cosa fare a Milano \n<\/h3>\t\t\t\t<\/div>\n\t\t\t\t<\/div>\n\t\t\t\t<div class=\"elementor-element elementor-element-b7a016b elementor-widget elementor-widget-text-editor\" data-id=\"b7a016b\" data-element_type=\"widget\" data-e-type=\"widget\" data-widget_type=\"text-editor.default\">\n\t\t\t\t<div class=\"elementor-widget-container\">\n\t\t\t\t\t\t\t\t\t<ul><li aria-level=\"1\"><b>Duomo di Milano<\/b>: Una meraviglia gotica da ammirare in tutta la sua imponenza. Salire sulle terrazze regala una vista mozzafiato sulla citt\u00e0.<\/li><li aria-level=\"1\"><b>Galleria Vittorio Emanuele II<\/b>: Un salotto a cielo aperto dove il lusso incontra la storia. Perfetta per una passeggiata tra boutique esclusive e caff\u00e8 storici.<\/li><li aria-level=\"1\"><b>Teatro alla Scala<\/b>: Il tempio dell\u2019opera lirica mondiale. Un\u2019icona della cultura milanese da vivere con un concerto o una visita al museo.<\/li><li aria-level=\"1\"><b>Castello Sforzesco<\/b>: Fortezza rinascimentale e scrigno d\u2019arte. Al suo interno, musei e collezioni prestigiose raccontano la storia della citt\u00e0.<\/li><li aria-level=\"1\"><b>Navigli<\/b>: Canali pittoreschi, locali alla moda e un\u2019atmosfera unica. Perfetti per un aperitivo al tramonto o una cena esclusiva.<\/li><li aria-level=\"1\"><b>Quadrilatero della Moda<\/b>: Il cuore pulsante dello shopping di lusso: via Montenapoleone, via della Spiga e dintorni racchiudono le firme pi\u00f9 prestigiose del mondo.<\/li><li aria-level=\"1\"><b>Pinacoteca di Brera<\/b>: L\u2019arte italiana in uno dei quartieri pi\u00f9 suggestivi della citt\u00e0. Un viaggio tra i capolavori di Caravaggio, Raffaello e Mantegna.<\/li><li aria-level=\"1\"><b>Parco Sempione<\/b>: Un angolo verde nel cuore di Milano, ideale per una pausa rilassante tra eleganza e natura.<\/li><\/ul><p>Lasciati guidare dal fascino di Milano, rendendo ogni istante ancora pi\u00f9 esclusivo a bordo di un\u2019auto di lusso.<\/p>\t\t\t\t\t\t\t\t<\/div>\n\t\t\t\t<\/div>\n\t\t\t\t<div class=\"elementor-element elementor-element-2b34f61 elementor-widget elementor-widget-spacer\" data-id=\"2b34f61\" data-element_type=\"widget\" data-e-type=\"widget\" id=\"auto\" data-widget_type=\"spacer.default\">\n\t\t\t\t<div class=\"elementor-widget-container\">\n\t\t\t\t\t\t\t<div class=\"elementor-spacer\">\n\t\t\t<div class=\"elementor-spacer-inner\"><\/div>\n\t\t<\/div>\n\t\t\t\t\t\t<\/div>\n\t\t\t\t<\/div>\n\t\t\t\t\t<\/div>\n\t\t<\/div>\n\t\t\t\t\t<\/div>\n\t\t<\/section>\n\t\t\t\t<section class=\"elementor-section elementor-top-section elementor-element elementor-element-de7d272 elementor-section-full_width elementor-hidden-tablet elementor-hidden-mobile elementor-section-height-default elementor-section-height-default\" data-id=\"de7d272\" data-element_type=\"section\" data-e-type=\"section\">\n\t\t\t\t\t\t<div class=\"elementor-container elementor-column-gap-default\">\n\t\t\t\t\t<div class=\"elementor-column elementor-col-100 elementor-top-column elementor-element elementor-element-ece3782\" data-id=\"ece3782\" data-element_type=\"column\" data-e-type=\"column\">\n\t\t\t<div class=\"elementor-widget-wrap elementor-element-populated\">\n\t\t\t\t\t\t<section class=\"elementor-section elementor-inner-section elementor-element elementor-element-9da0de7 elementor-section-full_width elementor-section-height-default elementor-section-height-default\" data-id=\"9da0de7\" data-element_type=\"section\" data-e-type=\"section\">\n\t\t\t\t\t\t<div class=\"elementor-container elementor-column-gap-default\">\n\t\t\t\t\t<div class=\"elementor-column elementor-col-100 elementor-inner-column elementor-element elementor-element-9fa6f65\" data-id=\"9fa6f65\" data-element_type=\"column\" data-e-type=\"column\">\n\t\t\t<div class=\"elementor-widget-wrap elementor-element-populated\">\n\t\t\t\t\t\t<div class=\"elementor-element elementor-element-74d9692 elementor-widget elementor-widget-heading\" data-id=\"74d9692\" data-element_type=\"widget\" data-e-type=\"widget\" data-widget_type=\"heading.default\">\n\t\t\t\t<div class=\"elementor-widget-container\">\n\t\t\t\t\t<h2 class=\"elementor-heading-title elementor-size-default\"><b class=\"oro\"> Scegli l\u2019auto di lusso\n<\/b> per il tuo viaggio a Milano \n<\/h2>\t\t\t\t<\/div>\n\t\t\t\t<\/div>\n\t\t\t\t<div class=\"elementor-element elementor-element-3b96c65 elementor-widget elementor-widget-tp-search-filter\" data-id=\"3b96c65\" data-element_type=\"widget\" data-e-type=\"widget\" data-widget_type=\"tp-search-filter.default\">\n\t\t\t\t<div class=\"elementor-widget-container\">\n\t\t\t\t\t<div class=\"tp-search-filter  wp-filter-69f3e349565af\" data-id=\"wp-filter-69f3e349565af\" data-basic='{\"URLParameter\":0,\"errormsg\":\"Sorry! No Results Found! Try Again.\",\"security\":\"5f6d683914\",\"FilterTitle\":0,\"AjaxButton\":0,\"Widgetid\":\"3b96c65\",\"delayload\":0.5,\"enablearchive\":false}' data-errordata= '{\"errormsg\":\"Sorry! No Results Found! Try Again.\"}'  data-connection=\"tp_list\" onSubmit=\"return false;\" ><div class=\"tp-filter-meta\"><\/div><form class=\"tp-search-form\" data-field='{\"tabbing\":[{\"name\":\"category\",\"id\":\"category69f3e3495951c\",\"field\":\"tabbing\",\"type\":\"taxonomy\"}]}' ><div class=\"tp-toggle-div\"><div class=\"tp-row\"><div class=\"field-col  elementor-repeater-item-e9065de tp-col-lg-12 tp-col-md-12 tp-col-sm-12 tp-col-12 \"><div class=\"tp-tabbing \"><div class=\"tp-tabbing-wrapper  \"><label class=\"tp-tabbing-item\"><input type=\"checkbox\" class=\"tp-tabbing-input\" id=\"tp-5\" name=\"category\" value=\"5\" data-title=\"Supercar\" ><span class=\"tp-tabbing-button\">Supercar<\/span><\/label><\/div><div class=\"tp-tabbing-wrapper  \"><label class=\"tp-tabbing-item\"><input type=\"checkbox\" class=\"tp-tabbing-input\" id=\"tp-6\" name=\"category\" value=\"6\" data-title=\"Sportcar\" ><span class=\"tp-tabbing-button\">Sportcar<\/span><\/label><\/div><div class=\"tp-tabbing-wrapper  \"><label class=\"tp-tabbing-item\"><input type=\"checkbox\" class=\"tp-tabbing-input\" id=\"tp-7\" name=\"category\" value=\"7\" data-title=\"Supersuv\" ><span class=\"tp-tabbing-button\">Supersuv<\/span><\/label><\/div><div class=\"tp-tabbing-wrapper  \"><label class=\"tp-tabbing-item\"><input type=\"checkbox\" class=\"tp-tabbing-input\" id=\"tp-8\" name=\"category\" value=\"8\" data-title=\"SUV\" ><span class=\"tp-tabbing-button\">SUV<\/span><\/label><\/div><div class=\"tp-tabbing-wrapper  \"><label class=\"tp-tabbing-item\"><input type=\"checkbox\" class=\"tp-tabbing-input\" id=\"tp-9\" name=\"category\" value=\"9\" data-title=\"Executive\" ><span class=\"tp-tabbing-button\">Executive<\/span><\/label><\/div><div class=\"tp-tabbing-wrapper  \"><label class=\"tp-tabbing-item\"><input type=\"checkbox\" class=\"tp-tabbing-input\" id=\"tp-10\" name=\"category\" value=\"10\" data-title=\"Utility\" ><span class=\"tp-tabbing-button\">Utility<\/span><\/label><\/div><\/div><\/div><\/div><\/div><\/form><\/div>\t\t\t\t<\/div>\n\t\t\t\t<\/div>\n\t\t\t\t<div class=\"elementor-element elementor-element-4348341 elementor-widget__width-initial elementor-widget elementor-widget-tp-dynamic-listing\" data-id=\"4348341\" data-element_type=\"widget\" data-e-type=\"widget\" data-widget_type=\"tp-dynamic-listing.default\">\n\t\t\t\t<div class=\"elementor-widget-container\">\n\t\t\t\t\t<div id=\"pt-plus-dynamic-listing\" class=\"dynamic-listing post69f3e3496300f  list-isotope  dynamic-listing-style-2 hover-image-none  layout-style-1   tp-dy-l-type-search_list tp-searchlist\"    data-layout-type=\"fitRows\"   data-id=\"post69f3e3496300f\" data-style=\"style-2\"   dir= data-enable-isotope=\"1\" filter-type = \"normal\"><div id=\"post69f3e3496300f\" class=\"tp-row post-inner-loop   post69f3e3496300f text-left   tp_list\" data-extparam= '{\"loading-opt\":\"skeleton\",\"URL-para\":\"\"}'  data-searchAttr= '{\"load\":\"dynamiclisting\",\"layout\":\"grid\",\"offset-posts\":\"\",\"offset_posts\":\"\",\"display_post\":\"8\",\"post_load_more\":\"\",\"post_type\":\"post\",\"texonomy_category\":\"category\",\"post_title_tag\":\"h2\",\"author_prefix\":\"By\",\"title_desc_word_break\":\"normal\",\"include_posts\":\"\",\"exclude_posts\":\"\",\"style\":\"style-2\",\"style_layout\":\"layout-style-1\",\"desktop-column\":\"3\",\"tablet-column\":\"6\",\"mobile-column\":\"6\",\"metro_column\":\"\",\"metro_style\":\"no\",\"responsive_tablet_metro\":\"no\",\"tablet_metro_column\":\"no\",\"tablet_metro_style\":\"no\",\"category_type\":\"false\",\"category\":\"\",\"post_tags\":\"\",\"post_authors\":\"\",\"order_by\":\"rand\",\"post_order\":\"DESC\",\"filter_category\":\"\",\"animated_columns\":\"\",\"display_post_meta\":\"\",\"post_meta_tag_style\":\"\",\"display_post_meta_date\":\"no\",\"display_post_meta_author\":\"no\",\"display_post_meta_author_pic\":\"no\",\"display_excerpt\":\"\",\"post_excerpt_count\":\"30\",\"display_post_category\":\"yes\",\"dpc_all\":\"no\",\"post_category_style\":\"style-1\",\"featured_image_type\":\"full\",\"display_thumbnail\":\"\",\"thumbnail\":\"\",\"thumbnail_car\":\"\",\"display_title_limit\":\"no\",\"display_title_by\":\"\",\"display_title_input\":\"\",\"display_title_3_dots\":\"\",\"feature_image\":\"yes\",\"display_theplus_quickview\":\"no\",\"full_image_size\":\"\",\"theplus_nonce\":\"cb2961eba4\",\"paginationType\":\"standard\",\"loading_optn\":\"skeleton\",\"more_post_option\":\"none\",\"is_search\":0,\"is_search_page\":[],\"is_archive\":0,\"archive_page\":[],\"custon_query\":\"\",\"skin_template\":[],\"loadmoretxt\":null,\"No_PostFound\":\"No Post Found\",\"listing_type\":\"search_list\",\"widget_id\":\"4348341\",\"cat_filter_type\":\"normal\"}'  data-total-result=\"102\" data-total-count=\"51\"\"  data-widgetId = 4348341><div class=\"grid-item metro-item  tp-col-lg-3 tp-col-md-6 tp-col-sm-6 tp-col-6  \"><article id=\"post-1056\" class=\"post-1056 post type-post status-publish format-standard has-post-thumbnail hentry category-supercar tag-lamborghini\">\r\n\t<div class=\"blog-list-content\">\r\n\t\t\t\t\t\t\t\t\t<div class=\"post-content-image\">\r\n\t\t\t<a href=\"https:\/\/www.afluxuryrent.com\/it\/noleggio-auto-di-lusso-lamborghini-huracan-sto\/\">\r\n\t\t\t\t\t<div class=\"blog-featured-image \">\r\n\t<span class=\"thumb-wrap\">\r\n\t\t<img fetchpriority=\"high\" decoding=\"async\" width=\"500\" height=\"500\" src=\"https:\/\/www.afluxuryrent.com\/wp-content\/uploads\/2025\/11\/Lamborghini-Huracan-STO-2.webp\" class=\"attachment-tp-image-grid size-tp-image-grid\" alt=\"Lamborghini Huracan STO\" \/>\t<\/span>\r\n\t<\/div>\r\n\t\t\t<\/a>\r\n\t\t\t\t\t\t<\/div>\r\n\t\t\t\t\t\t<div class=\"post-content-bottom\">\r\n\t\t\t\t\t\t\t<div class=\"post-metro-category-top\">\r\n\t\t\t\t\t<div class=\"post-category-list style-1\">\t\r\n\t<span><a href=\"https:\/\/www.afluxuryrent.com\/it\/noleggio\/supercar\/\">Supercar<\/a><\/span><\/div>\r\n\t\t\t\t<\/div>\r\n\t\t\t\t\t\t<div class=\"post-metro-content\">\r\n\t\t\t\t<h2 class=\"post-title\">\r\n\t<a href=\"https:\/\/www.afluxuryrent.com\/it\/noleggio-auto-di-lusso-lamborghini-huracan-sto\/\" class=\"normal\">Lamborghini Huracan STO<\/a>\r\n<\/h2>\r\n\t\t\t\t\t\t\t\t\t\t\t<\/div>\r\n\t\t<\/div>\r\n\t\t\t<div class=\"tp-skeleton\"  >   \r\n\t\t<div class=\"tp-skeleton-img loading\">\r\n\t\t\t<div class=\"tp-skeleton-bottom\">\r\n\t\t\t\t<div class=\"tp-skeleton-title loading\"><\/div>\r\n\t\t\t\t<div class=\"tp-skeleton-description loading\"><\/div>\r\n\t\t\t<\/div>\r\n\t\t<\/div>\r\n\t<\/div>\r\n\t<\/div>\r\n<\/article>\r\n<\/div><div class=\"grid-item metro-item  tp-col-lg-3 tp-col-md-6 tp-col-sm-6 tp-col-6  \"><article id=\"post-1351\" class=\"post-1351 post type-post status-publish format-standard has-post-thumbnail hentry category-supersuv tag-bentley\">\r\n\t<div class=\"blog-list-content\">\r\n\t\t\t\t\t\t\t\t\t<div class=\"post-content-image\">\r\n\t\t\t<a href=\"https:\/\/www.afluxuryrent.com\/it\/noleggio-auto-di-lusso-bentley-bentayga-7-seats\/\">\r\n\t\t\t\t\t<div class=\"blog-featured-image \">\r\n\t<span class=\"thumb-wrap\">\r\n\t\t<img decoding=\"async\" width=\"500\" height=\"500\" src=\"https:\/\/www.afluxuryrent.com\/wp-content\/uploads\/2025\/01\/Bentley-Bentayga-2.webp\" class=\"attachment-tp-image-grid size-tp-image-grid\" alt=\"Bentley Bentayga\" \/>\t<\/span>\r\n\t<\/div>\r\n\t\t\t<\/a>\r\n\t\t\t\t\t\t<\/div>\r\n\t\t\t\t\t\t<div class=\"post-content-bottom\">\r\n\t\t\t\t\t\t\t<div class=\"post-metro-category-top\">\r\n\t\t\t\t\t<div class=\"post-category-list style-1\">\t\r\n\t<span><a href=\"https:\/\/www.afluxuryrent.com\/it\/noleggio\/supersuv\/\">Supersuv<\/a><\/span><\/div>\r\n\t\t\t\t<\/div>\r\n\t\t\t\t\t\t<div class=\"post-metro-content\">\r\n\t\t\t\t<h2 class=\"post-title\">\r\n\t<a href=\"https:\/\/www.afluxuryrent.com\/it\/noleggio-auto-di-lusso-bentley-bentayga-7-seats\/\" class=\"normal\">Bentley Bentayga<\/a>\r\n<\/h2>\r\n\t\t\t\t\t\t\t\t\t\t\t<\/div>\r\n\t\t<\/div>\r\n\t\t\t<div class=\"tp-skeleton\"  >   \r\n\t\t<div class=\"tp-skeleton-img loading\">\r\n\t\t\t<div class=\"tp-skeleton-bottom\">\r\n\t\t\t\t<div class=\"tp-skeleton-title loading\"><\/div>\r\n\t\t\t\t<div class=\"tp-skeleton-description loading\"><\/div>\r\n\t\t\t<\/div>\r\n\t\t<\/div>\r\n\t<\/div>\r\n\t<\/div>\r\n<\/article>\r\n<\/div><div class=\"grid-item metro-item  tp-col-lg-3 tp-col-md-6 tp-col-sm-6 tp-col-6  \"><article id=\"post-6886\" class=\"post-6886 post type-post status-publish format-standard has-post-thumbnail hentry category-supercar tag-ferrari\">\r\n\t<div class=\"blog-list-content\">\r\n\t\t\t\t\t\t\t\t\t<div class=\"post-content-image\">\r\n\t\t\t<a href=\"https:\/\/www.afluxuryrent.com\/it\/noleggio-auto-di-lusso-ferrari-f8-spider-gialla\/\">\r\n\t\t\t\t\t<div class=\"blog-featured-image \">\r\n\t<span class=\"thumb-wrap\">\r\n\t\t<img decoding=\"async\" width=\"500\" height=\"500\" src=\"https:\/\/www.afluxuryrent.com\/wp-content\/uploads\/2025\/11\/Ferrari-F8-Spider-gialla-2.webp\" class=\"attachment-tp-image-grid size-tp-image-grid\" alt=\"Ferrari F8 Spider gialla\" \/>\t<\/span>\r\n\t<\/div>\r\n\t\t\t<\/a>\r\n\t\t\t\t\t\t<\/div>\r\n\t\t\t\t\t\t<div class=\"post-content-bottom\">\r\n\t\t\t\t\t\t\t<div class=\"post-metro-category-top\">\r\n\t\t\t\t\t<div class=\"post-category-list style-1\">\t\r\n\t<span><a href=\"https:\/\/www.afluxuryrent.com\/it\/noleggio\/supercar\/\">Supercar<\/a><\/span><\/div>\r\n\t\t\t\t<\/div>\r\n\t\t\t\t\t\t<div class=\"post-metro-content\">\r\n\t\t\t\t<h2 class=\"post-title\">\r\n\t<a href=\"https:\/\/www.afluxuryrent.com\/it\/noleggio-auto-di-lusso-ferrari-f8-spider-gialla\/\" class=\"normal\">Ferrari F8 Spider<\/a>\r\n<\/h2>\r\n\t\t\t\t\t\t\t\t\t\t\t<\/div>\r\n\t\t<\/div>\r\n\t\t\t<div class=\"tp-skeleton\"  >   \r\n\t\t<div class=\"tp-skeleton-img loading\">\r\n\t\t\t<div class=\"tp-skeleton-bottom\">\r\n\t\t\t\t<div class=\"tp-skeleton-title loading\"><\/div>\r\n\t\t\t\t<div class=\"tp-skeleton-description loading\"><\/div>\r\n\t\t\t<\/div>\r\n\t\t<\/div>\r\n\t<\/div>\r\n\t<\/div>\r\n<\/article>\r\n<\/div><div class=\"grid-item metro-item  tp-col-lg-3 tp-col-md-6 tp-col-sm-6 tp-col-6  \"><article id=\"post-6781\" class=\"post-6781 post type-post status-publish format-standard has-post-thumbnail hentry category-supersuv tag-aston-martin\">\r\n\t<div class=\"blog-list-content\">\r\n\t\t\t\t\t\t\t\t\t<div class=\"post-content-image\">\r\n\t\t\t<a href=\"https:\/\/www.afluxuryrent.com\/it\/aston-martin-dbx-707\/\">\r\n\t\t\t\t\t<div class=\"blog-featured-image \">\r\n\t<span class=\"thumb-wrap\">\r\n\t\t<img loading=\"lazy\" decoding=\"async\" width=\"500\" height=\"500\" src=\"https:\/\/www.afluxuryrent.com\/wp-content\/uploads\/2025\/01\/Aston-Martin-DBX-1-2.webp\" class=\"attachment-tp-image-grid size-tp-image-grid\" alt=\"Aston Martin DBX\" \/>\t<\/span>\r\n\t<\/div>\r\n\t\t\t<\/a>\r\n\t\t\t\t\t\t<\/div>\r\n\t\t\t\t\t\t<div class=\"post-content-bottom\">\r\n\t\t\t\t\t\t\t<div class=\"post-metro-category-top\">\r\n\t\t\t\t\t<div class=\"post-category-list style-1\">\t\r\n\t<span><a href=\"https:\/\/www.afluxuryrent.com\/it\/noleggio\/supersuv\/\">Supersuv<\/a><\/span><\/div>\r\n\t\t\t\t<\/div>\r\n\t\t\t\t\t\t<div class=\"post-metro-content\">\r\n\t\t\t\t<h2 class=\"post-title\">\r\n\t<a href=\"https:\/\/www.afluxuryrent.com\/it\/aston-martin-dbx-707\/\" class=\"normal\">Aston Martin DBX 707<\/a>\r\n<\/h2>\r\n\t\t\t\t\t\t\t\t\t\t\t<\/div>\r\n\t\t<\/div>\r\n\t\t\t<div class=\"tp-skeleton\"  >   \r\n\t\t<div class=\"tp-skeleton-img loading\">\r\n\t\t\t<div class=\"tp-skeleton-bottom\">\r\n\t\t\t\t<div class=\"tp-skeleton-title loading\"><\/div>\r\n\t\t\t\t<div class=\"tp-skeleton-description loading\"><\/div>\r\n\t\t\t<\/div>\r\n\t\t<\/div>\r\n\t<\/div>\r\n\t<\/div>\r\n<\/article>\r\n<\/div><div class=\"grid-item metro-item  tp-col-lg-3 tp-col-md-6 tp-col-sm-6 tp-col-6  \"><article id=\"post-3093\" class=\"post-3093 post type-post status-publish format-standard has-post-thumbnail hentry category-sportcar tag-porsche\">\r\n\t<div class=\"blog-list-content\">\r\n\t\t\t\t\t\t\t\t\t<div class=\"post-content-image\">\r\n\t\t\t<a href=\"https:\/\/www.afluxuryrent.com\/it\/noleggio-auto-di-lusso-porsche-911-carrera-4-gts-cabrio\/\">\r\n\t\t\t\t\t<div class=\"blog-featured-image \">\r\n\t<span class=\"thumb-wrap\">\r\n\t\t<img loading=\"lazy\" decoding=\"async\" width=\"500\" height=\"500\" src=\"https:\/\/www.afluxuryrent.com\/wp-content\/uploads\/2025\/05\/Porsche-GTS-2.webp\" class=\"attachment-tp-image-grid size-tp-image-grid\" alt=\"Porsche GTS\" \/>\t<\/span>\r\n\t<\/div>\r\n\t\t\t<\/a>\r\n\t\t\t\t\t\t<\/div>\r\n\t\t\t\t\t\t<div class=\"post-content-bottom\">\r\n\t\t\t\t\t\t\t<div class=\"post-metro-category-top\">\r\n\t\t\t\t\t<div class=\"post-category-list style-1\">\t\r\n\t<span><a href=\"https:\/\/www.afluxuryrent.com\/it\/noleggio\/sportcar\/\">Sportcar<\/a><\/span><\/div>\r\n\t\t\t\t<\/div>\r\n\t\t\t\t\t\t<div class=\"post-metro-content\">\r\n\t\t\t\t<h2 class=\"post-title\">\r\n\t<a href=\"https:\/\/www.afluxuryrent.com\/it\/noleggio-auto-di-lusso-porsche-911-carrera-4-gts-cabrio\/\" class=\"normal\">Porsche 911 Carrera 4 GTS Cabrio<\/a>\r\n<\/h2>\r\n\t\t\t\t\t\t\t\t\t\t\t<\/div>\r\n\t\t<\/div>\r\n\t\t\t<div class=\"tp-skeleton\"  >   \r\n\t\t<div class=\"tp-skeleton-img loading\">\r\n\t\t\t<div class=\"tp-skeleton-bottom\">\r\n\t\t\t\t<div class=\"tp-skeleton-title loading\"><\/div>\r\n\t\t\t\t<div class=\"tp-skeleton-description loading\"><\/div>\r\n\t\t\t<\/div>\r\n\t\t<\/div>\r\n\t<\/div>\r\n\t<\/div>\r\n<\/article>\r\n<\/div><div class=\"grid-item metro-item  tp-col-lg-3 tp-col-md-6 tp-col-sm-6 tp-col-6  \"><article id=\"post-1566\" class=\"post-1566 post type-post status-publish format-standard has-post-thumbnail hentry category-suv tag-porsche\">\r\n\t<div class=\"blog-list-content\">\r\n\t\t\t\t\t\t\t\t\t<div class=\"post-content-image\">\r\n\t\t\t<a href=\"https:\/\/www.afluxuryrent.com\/it\/noleggio-auto-di-lusso-porsche-macan\/\">\r\n\t\t\t\t\t<div class=\"blog-featured-image \">\r\n\t<span class=\"thumb-wrap\">\r\n\t\t<img loading=\"lazy\" decoding=\"async\" width=\"500\" height=\"500\" src=\"https:\/\/www.afluxuryrent.com\/wp-content\/uploads\/2025\/04\/Porsche-Macan-2.webp\" class=\"attachment-tp-image-grid size-tp-image-grid\" alt=\"Porsche Macan\" \/>\t<\/span>\r\n\t<\/div>\r\n\t\t\t<\/a>\r\n\t\t\t\t\t\t<\/div>\r\n\t\t\t\t\t\t<div class=\"post-content-bottom\">\r\n\t\t\t\t\t\t\t<div class=\"post-metro-category-top\">\r\n\t\t\t\t\t<div class=\"post-category-list style-1\">\t\r\n\t<span><a href=\"https:\/\/www.afluxuryrent.com\/it\/noleggio\/suv\/\">SUV<\/a><\/span><\/div>\r\n\t\t\t\t<\/div>\r\n\t\t\t\t\t\t<div class=\"post-metro-content\">\r\n\t\t\t\t<h2 class=\"post-title\">\r\n\t<a href=\"https:\/\/www.afluxuryrent.com\/it\/noleggio-auto-di-lusso-porsche-macan\/\" class=\"normal\">Porsche Macan<\/a>\r\n<\/h2>\r\n\t\t\t\t\t\t\t\t\t\t\t<\/div>\r\n\t\t<\/div>\r\n\t\t\t<div class=\"tp-skeleton\"  >   \r\n\t\t<div class=\"tp-skeleton-img loading\">\r\n\t\t\t<div class=\"tp-skeleton-bottom\">\r\n\t\t\t\t<div class=\"tp-skeleton-title loading\"><\/div>\r\n\t\t\t\t<div class=\"tp-skeleton-description loading\"><\/div>\r\n\t\t\t<\/div>\r\n\t\t<\/div>\r\n\t<\/div>\r\n\t<\/div>\r\n<\/article>\r\n<\/div><div class=\"grid-item metro-item  tp-col-lg-3 tp-col-md-6 tp-col-sm-6 tp-col-6  \"><article id=\"post-1319\" class=\"post-1319 post type-post status-publish format-standard has-post-thumbnail hentry category-sportcar tag-audi\">\r\n\t<div class=\"blog-list-content\">\r\n\t\t\t\t\t\t\t\t\t<div class=\"post-content-image\">\r\n\t\t\t<a href=\"https:\/\/www.afluxuryrent.com\/it\/noleggio-auto-di-lusso-audi-rs6-avant\/\">\r\n\t\t\t\t\t<div class=\"blog-featured-image \">\r\n\t<span class=\"thumb-wrap\">\r\n\t\t<img loading=\"lazy\" decoding=\"async\" width=\"500\" height=\"500\" src=\"https:\/\/www.afluxuryrent.com\/wp-content\/uploads\/2025\/01\/Audi-RS6-2.webp\" class=\"attachment-tp-image-grid size-tp-image-grid\" alt=\"Audi RS6\" \/>\t<\/span>\r\n\t<\/div>\r\n\t\t\t<\/a>\r\n\t\t\t\t\t\t<\/div>\r\n\t\t\t\t\t\t<div class=\"post-content-bottom\">\r\n\t\t\t\t\t\t\t<div class=\"post-metro-category-top\">\r\n\t\t\t\t\t<div class=\"post-category-list style-1\">\t\r\n\t<span><a href=\"https:\/\/www.afluxuryrent.com\/it\/noleggio\/sportcar\/\">Sportcar<\/a><\/span><\/div>\r\n\t\t\t\t<\/div>\r\n\t\t\t\t\t\t<div class=\"post-metro-content\">\r\n\t\t\t\t<h2 class=\"post-title\">\r\n\t<a href=\"https:\/\/www.afluxuryrent.com\/it\/noleggio-auto-di-lusso-audi-rs6-avant\/\" class=\"normal\">Audi RS6 Avant<\/a>\r\n<\/h2>\r\n\t\t\t\t\t\t\t\t\t\t\t<\/div>\r\n\t\t<\/div>\r\n\t\t\t<div class=\"tp-skeleton\"  >   \r\n\t\t<div class=\"tp-skeleton-img loading\">\r\n\t\t\t<div class=\"tp-skeleton-bottom\">\r\n\t\t\t\t<div class=\"tp-skeleton-title loading\"><\/div>\r\n\t\t\t\t<div class=\"tp-skeleton-description loading\"><\/div>\r\n\t\t\t<\/div>\r\n\t\t<\/div>\r\n\t<\/div>\r\n\t<\/div>\r\n<\/article>\r\n<\/div><div class=\"grid-item metro-item  tp-col-lg-3 tp-col-md-6 tp-col-sm-6 tp-col-6  \"><article id=\"post-1598\" class=\"post-1598 post type-post status-publish format-standard has-post-thumbnail hentry category-suv tag-bmw\">\r\n\t<div class=\"blog-list-content\">\r\n\t\t\t\t\t\t\t\t\t<div class=\"post-content-image\">\r\n\t\t\t<a href=\"https:\/\/www.afluxuryrent.com\/it\/noleggio-auto-di-lusso-bmw-x5-xdrive30d-msport-7-seats\/\">\r\n\t\t\t\t\t<div class=\"blog-featured-image \">\r\n\t<span class=\"thumb-wrap\">\r\n\t\t<img loading=\"lazy\" decoding=\"async\" width=\"500\" height=\"500\" src=\"https:\/\/www.afluxuryrent.com\/wp-content\/uploads\/2025\/01\/Bmw-X5-3.webp\" class=\"attachment-tp-image-grid size-tp-image-grid\" alt=\"Bmw X5\" \/>\t<\/span>\r\n\t<\/div>\r\n\t\t\t<\/a>\r\n\t\t\t\t\t\t<\/div>\r\n\t\t\t\t\t\t<div class=\"post-content-bottom\">\r\n\t\t\t\t\t\t\t<div class=\"post-metro-category-top\">\r\n\t\t\t\t\t<div class=\"post-category-list style-1\">\t\r\n\t<span><a href=\"https:\/\/www.afluxuryrent.com\/it\/noleggio\/suv\/\">SUV<\/a><\/span><\/div>\r\n\t\t\t\t<\/div>\r\n\t\t\t\t\t\t<div class=\"post-metro-content\">\r\n\t\t\t\t<h2 class=\"post-title\">\r\n\t<a href=\"https:\/\/www.afluxuryrent.com\/it\/noleggio-auto-di-lusso-bmw-x5-xdrive30d-msport-7-seats\/\" class=\"normal\">Bmw X5 xDrive30d Msport<\/a>\r\n<\/h2>\r\n\t\t\t\t\t\t\t\t\t\t\t<\/div>\r\n\t\t<\/div>\r\n\t\t\t<div class=\"tp-skeleton\"  >   \r\n\t\t<div class=\"tp-skeleton-img loading\">\r\n\t\t\t<div class=\"tp-skeleton-bottom\">\r\n\t\t\t\t<div class=\"tp-skeleton-title loading\"><\/div>\r\n\t\t\t\t<div class=\"tp-skeleton-description loading\"><\/div>\r\n\t\t\t<\/div>\r\n\t\t<\/div>\r\n\t<\/div>\r\n\t<\/div>\r\n<\/article>\r\n<\/div><\/div><\/div>\t\t\t\t<\/div>\n\t\t\t\t<\/div>\n\t\t\t\t\t<\/div>\n\t\t<\/div>\n\t\t\t\t\t<\/div>\n\t\t<\/section>\n\t\t\t\t\t<\/div>\n\t\t<\/div>\n\t\t\t\t\t<\/div>\n\t\t<\/section>\n\t\t\t\t<section class=\"elementor-section elementor-top-section elementor-element elementor-element-cd9bcca elementor-section-full_width elementor-hidden-desktop elementor-section-height-default elementor-section-height-default\" data-id=\"cd9bcca\" data-element_type=\"section\" data-e-type=\"section\">\n\t\t\t\t\t\t<div class=\"elementor-container elementor-column-gap-default\">\n\t\t\t\t\t<div class=\"elementor-column elementor-col-50 elementor-top-column elementor-element elementor-element-b5dbab6\" data-id=\"b5dbab6\" data-element_type=\"column\" data-e-type=\"column\">\n\t\t\t<div class=\"elementor-widget-wrap elementor-element-populated\">\n\t\t\t\t\t\t<div class=\"elementor-element elementor-element-9957811 elementor-widget elementor-widget-heading\" data-id=\"9957811\" data-element_type=\"widget\" data-e-type=\"widget\" data-widget_type=\"heading.default\">\n\t\t\t\t<div class=\"elementor-widget-container\">\n\t\t\t\t\t<h2 class=\"elementor-heading-title elementor-size-default\"><b class=\"oro\"> Scegli l\u2019auto di lusso\n<\/b> per il tuo viaggio a Milano \n<\/h2>\t\t\t\t<\/div>\n\t\t\t\t<\/div>\n\t\t\t\t\t<\/div>\n\t\t<\/div>\n\t\t\t\t<div class=\"elementor-column elementor-col-50 elementor-top-column elementor-element elementor-element-b470f0e\" data-id=\"b470f0e\" data-element_type=\"column\" data-e-type=\"column\">\n\t\t\t<div class=\"elementor-widget-wrap elementor-element-populated\">\n\t\t\t\t\t\t<section class=\"elementor-section elementor-inner-section elementor-element elementor-element-24c64a5 elementor-section-height-min-height elementor-section-full_width elementor-section-height-default\" data-id=\"24c64a5\" data-element_type=\"section\" data-e-type=\"section\">\n\t\t\t\t\t\t<div class=\"elementor-container elementor-column-gap-default\">\n\t\t\t\t\t<div class=\"elementor-column elementor-col-50 elementor-inner-column elementor-element elementor-element-b5f194d\" data-id=\"b5f194d\" data-element_type=\"column\" data-e-type=\"column\" data-settings=\"{&quot;background_background&quot;:&quot;classic&quot;}\">\n\t\t\t<div class=\"elementor-widget-wrap elementor-element-populated\">\n\t\t\t\t\t\t<div class=\"elementor-element elementor-element-e73f510 elementor-cta--skin-cover elementor-cta--valign-top elementor-widget elementor-widget-call-to-action\" data-id=\"e73f510\" data-element_type=\"widget\" data-e-type=\"widget\" data-widget_type=\"call-to-action.default\">\n\t\t\t\t<div class=\"elementor-widget-container\">\n\t\t\t\t\t\t\t<a class=\"elementor-cta\" href=\"https:\/\/www.afluxuryrent.com\/it\/automobili-supercar-di-lusso\/\">\n\t\t\t\t\t<div class=\"elementor-cta__bg-wrapper\">\n\t\t\t\t<div class=\"elementor-cta__bg elementor-bg\" style=\"background-image: url(https:\/\/www.afluxuryrent.com\/wp-content\/uploads\/2025\/02\/supercar.webp);\" role=\"img\" aria-label=\"Luxury car category Super Car - AF Group\"><\/div>\n\t\t\t\t<div class=\"elementor-cta__bg-overlay\"><\/div>\n\t\t\t<\/div>\n\t\t\t\t\t\t\t<div class=\"elementor-cta__content\">\n\t\t\t\t\n\t\t\t\t\t\t\t\t\t<h3 class=\"elementor-cta__title elementor-cta__content-item elementor-content-item\">\n\t\t\t\t\t\tSupercar \t\t\t\t\t<\/h3>\n\t\t\t\t\n\t\t\t\t\t\t\t\t\t<div class=\"elementor-cta__description elementor-cta__content-item elementor-content-item\">\n\t\t\t\t\t\tPotenza estrema e design iconico per un\u2019esperienza senza compromessi.\t\t\t\t\t<\/div>\n\t\t\t\t\n\t\t\t\t\t\t\t<\/div>\n\t\t\t\t\t\t<\/a>\n\t\t\t\t\t\t<\/div>\n\t\t\t\t<\/div>\n\t\t\t\t\t<\/div>\n\t\t<\/div>\n\t\t\t\t<div class=\"elementor-column elementor-col-50 elementor-inner-column elementor-element elementor-element-d7a71b2\" data-id=\"d7a71b2\" data-element_type=\"column\" data-e-type=\"column\" data-settings=\"{&quot;background_background&quot;:&quot;classic&quot;}\">\n\t\t\t<div class=\"elementor-widget-wrap elementor-element-populated\">\n\t\t\t\t\t\t<div class=\"elementor-element elementor-element-70eea7c elementor-cta--skin-cover elementor-cta--valign-top elementor-widget elementor-widget-call-to-action\" data-id=\"70eea7c\" data-element_type=\"widget\" data-e-type=\"widget\" data-widget_type=\"call-to-action.default\">\n\t\t\t\t<div class=\"elementor-widget-container\">\n\t\t\t\t\t\t\t<a class=\"elementor-cta\" href=\"https:\/\/www.afluxuryrent.com\/it\/automobili-sport-di-lusso\/\">\n\t\t\t\t\t<div class=\"elementor-cta__bg-wrapper\">\n\t\t\t\t<div class=\"elementor-cta__bg elementor-bg\" style=\"background-image: url(https:\/\/www.afluxuryrent.com\/wp-content\/uploads\/2025\/02\/sport-car.webp);\" role=\"img\" aria-label=\"Luxury car category Sport Car - AF Group\"><\/div>\n\t\t\t\t<div class=\"elementor-cta__bg-overlay\"><\/div>\n\t\t\t<\/div>\n\t\t\t\t\t\t\t<div class=\"elementor-cta__content\">\n\t\t\t\t\n\t\t\t\t\t\t\t\t\t<h3 class=\"elementor-cta__title elementor-cta__content-item elementor-content-item\">\n\t\t\t\t\t\tSport car \t\t\t\t\t<\/h3>\n\t\t\t\t\n\t\t\t\t\t\t\t\t\t<div class=\"elementor-cta__description elementor-cta__content-item elementor-content-item\">\n\t\t\t\t\t\tDinamismo e agilit\u00e0 per chi ama la guida sportiva.\t\t\t\t\t<\/div>\n\t\t\t\t\n\t\t\t\t\t\t\t<\/div>\n\t\t\t\t\t\t<\/a>\n\t\t\t\t\t\t<\/div>\n\t\t\t\t<\/div>\n\t\t\t\t\t<\/div>\n\t\t<\/div>\n\t\t\t\t\t<\/div>\n\t\t<\/section>\n\t\t\t\t<section class=\"elementor-section elementor-inner-section elementor-element elementor-element-23e47e1 elementor-section-height-min-height elementor-section-full_width elementor-section-height-default\" data-id=\"23e47e1\" data-element_type=\"section\" data-e-type=\"section\">\n\t\t\t\t\t\t<div class=\"elementor-container elementor-column-gap-default\">\n\t\t\t\t\t<div class=\"elementor-column elementor-col-50 elementor-inner-column elementor-element elementor-element-0710fcd\" data-id=\"0710fcd\" data-element_type=\"column\" data-e-type=\"column\" data-settings=\"{&quot;background_background&quot;:&quot;classic&quot;}\">\n\t\t\t<div class=\"elementor-widget-wrap elementor-element-populated\">\n\t\t\t\t\t\t<div class=\"elementor-element elementor-element-f2d140c elementor-cta--skin-cover elementor-cta--valign-top elementor-widget elementor-widget-call-to-action\" data-id=\"f2d140c\" data-element_type=\"widget\" data-e-type=\"widget\" data-widget_type=\"call-to-action.default\">\n\t\t\t\t<div class=\"elementor-widget-container\">\n\t\t\t\t\t\t\t<a class=\"elementor-cta\" href=\"https:\/\/www.afluxuryrent.com\/it\/automobili-super-suv-di-lusso\/\">\n\t\t\t\t\t<div class=\"elementor-cta__bg-wrapper\">\n\t\t\t\t<div class=\"elementor-cta__bg elementor-bg\" style=\"background-image: url(https:\/\/www.afluxuryrent.com\/wp-content\/uploads\/2025\/02\/super-Suv.webp);\" role=\"img\" aria-label=\"Luxury car category Super SUV - AF Group\"><\/div>\n\t\t\t\t<div class=\"elementor-cta__bg-overlay\"><\/div>\n\t\t\t<\/div>\n\t\t\t\t\t\t\t<div class=\"elementor-cta__content\">\n\t\t\t\t\n\t\t\t\t\t\t\t\t\t<h3 class=\"elementor-cta__title elementor-cta__content-item elementor-content-item\">\n\t\t\t\t\t\tSuper Suv\t\t\t\t\t<\/h3>\n\t\t\t\t\n\t\t\t\t\t\t\t\t\t<div class=\"elementor-cta__description elementor-cta__content-item elementor-content-item\">\n\t\t\t\t\t\tPrestazioni elevate abbinate al massimo comfort e versatilit\u00e0.\t\t\t\t\t<\/div>\n\t\t\t\t\n\t\t\t\t\t\t\t<\/div>\n\t\t\t\t\t\t<\/a>\n\t\t\t\t\t\t<\/div>\n\t\t\t\t<\/div>\n\t\t\t\t\t<\/div>\n\t\t<\/div>\n\t\t\t\t<div class=\"elementor-column elementor-col-50 elementor-inner-column elementor-element elementor-element-78feb94\" data-id=\"78feb94\" data-element_type=\"column\" data-e-type=\"column\" data-settings=\"{&quot;background_background&quot;:&quot;classic&quot;}\">\n\t\t\t<div class=\"elementor-widget-wrap elementor-element-populated\">\n\t\t\t\t\t\t<div class=\"elementor-element elementor-element-1f263a8 elementor-cta--skin-cover elementor-cta--valign-top elementor-widget elementor-widget-call-to-action\" data-id=\"1f263a8\" data-element_type=\"widget\" data-e-type=\"widget\" data-widget_type=\"call-to-action.default\">\n\t\t\t\t<div class=\"elementor-widget-container\">\n\t\t\t\t\t\t\t<a class=\"elementor-cta\" href=\"https:\/\/www.afluxuryrent.com\/it\/automobili-suv-di-lusso\/\">\n\t\t\t\t\t<div class=\"elementor-cta__bg-wrapper\">\n\t\t\t\t<div class=\"elementor-cta__bg elementor-bg\" style=\"background-image: url(https:\/\/www.afluxuryrent.com\/wp-content\/uploads\/2025\/02\/Suv.webp);\" role=\"img\" aria-label=\"Luxury car category SUV - AF Group\"><\/div>\n\t\t\t\t<div class=\"elementor-cta__bg-overlay\"><\/div>\n\t\t\t<\/div>\n\t\t\t\t\t\t\t<div class=\"elementor-cta__content\">\n\t\t\t\t\n\t\t\t\t\t\t\t\t\t<h3 class=\"elementor-cta__title elementor-cta__content-item elementor-content-item\">\n\t\t\t\t\t\tSuv\t\t\t\t\t<\/h3>\n\t\t\t\t\n\t\t\t\t\t\t\t\t\t<div class=\"elementor-cta__description elementor-cta__content-item elementor-content-item\">\n\t\t\t\t\t\tSpazio, sicurezza e tecnologia per ogni esigenza di viaggio.\t\t\t\t\t<\/div>\n\t\t\t\t\n\t\t\t\t\t\t\t<\/div>\n\t\t\t\t\t\t<\/a>\n\t\t\t\t\t\t<\/div>\n\t\t\t\t<\/div>\n\t\t\t\t\t<\/div>\n\t\t<\/div>\n\t\t\t\t\t<\/div>\n\t\t<\/section>\n\t\t\t\t<section class=\"elementor-section elementor-inner-section elementor-element elementor-element-c09d264 elementor-section-height-min-height elementor-section-full_width elementor-section-height-default\" data-id=\"c09d264\" data-element_type=\"section\" data-e-type=\"section\">\n\t\t\t\t\t\t<div class=\"elementor-container elementor-column-gap-default\">\n\t\t\t\t\t<div class=\"elementor-column elementor-col-50 elementor-inner-column elementor-element elementor-element-db06db8\" data-id=\"db06db8\" data-element_type=\"column\" data-e-type=\"column\" data-settings=\"{&quot;background_background&quot;:&quot;classic&quot;}\">\n\t\t\t<div class=\"elementor-widget-wrap elementor-element-populated\">\n\t\t\t\t\t\t<div class=\"elementor-element elementor-element-348e35a elementor-cta--skin-cover elementor-cta--valign-top elementor-widget elementor-widget-call-to-action\" data-id=\"348e35a\" data-element_type=\"widget\" data-e-type=\"widget\" data-widget_type=\"call-to-action.default\">\n\t\t\t\t<div class=\"elementor-widget-container\">\n\t\t\t\t\t\t\t<a class=\"elementor-cta\" href=\"https:\/\/www.afluxuryrent.com\/it\/automobili-executive-di-lusso\/\">\n\t\t\t\t\t<div class=\"elementor-cta__bg-wrapper\">\n\t\t\t\t<div class=\"elementor-cta__bg elementor-bg\" style=\"background-image: url(https:\/\/www.afluxuryrent.com\/wp-content\/uploads\/2025\/02\/Executive.webp);\" role=\"img\" aria-label=\"Luxury car category Executive - AF Group\"><\/div>\n\t\t\t\t<div class=\"elementor-cta__bg-overlay\"><\/div>\n\t\t\t<\/div>\n\t\t\t\t\t\t\t<div class=\"elementor-cta__content\">\n\t\t\t\t\n\t\t\t\t\t\t\t\t\t<h3 class=\"elementor-cta__title elementor-cta__content-item elementor-content-item\">\n\t\t\t\t\t\tExecutive \t\t\t\t\t<\/h3>\n\t\t\t\t\n\t\t\t\t\t\t\t\t\t<div class=\"elementor-cta__description elementor-cta__content-item elementor-content-item\">\n\t\t\t\t\t\tEleganza e raffinatezza per chi cerca esclusivit\u00e0 in ogni spostamento.\t\t\t\t\t<\/div>\n\t\t\t\t\n\t\t\t\t\t\t\t<\/div>\n\t\t\t\t\t\t<\/a>\n\t\t\t\t\t\t<\/div>\n\t\t\t\t<\/div>\n\t\t\t\t\t<\/div>\n\t\t<\/div>\n\t\t\t\t<div class=\"elementor-column elementor-col-50 elementor-inner-column elementor-element elementor-element-23b5366\" data-id=\"23b5366\" data-element_type=\"column\" data-e-type=\"column\" data-settings=\"{&quot;background_background&quot;:&quot;classic&quot;}\">\n\t\t\t<div class=\"elementor-widget-wrap elementor-element-populated\">\n\t\t\t\t\t\t<div class=\"elementor-element elementor-element-d565951 elementor-cta--skin-cover elementor-cta--valign-top elementor-widget elementor-widget-call-to-action\" data-id=\"d565951\" data-element_type=\"widget\" data-e-type=\"widget\" data-widget_type=\"call-to-action.default\">\n\t\t\t\t<div class=\"elementor-widget-container\">\n\t\t\t\t\t\t\t<a class=\"elementor-cta\" href=\"https:\/\/www.afluxuryrent.com\/it\/automobili-utility-di-lusso\/\">\n\t\t\t\t\t<div class=\"elementor-cta__bg-wrapper\">\n\t\t\t\t<div class=\"elementor-cta__bg elementor-bg\" style=\"background-image: url(https:\/\/www.afluxuryrent.com\/wp-content\/uploads\/2025\/02\/Utility.webp);\" role=\"img\" aria-label=\"Luxury car category Utility - AF Group\"><\/div>\n\t\t\t\t<div class=\"elementor-cta__bg-overlay\"><\/div>\n\t\t\t<\/div>\n\t\t\t\t\t\t\t<div class=\"elementor-cta__content\">\n\t\t\t\t\n\t\t\t\t\t\t\t\t\t<h3 class=\"elementor-cta__title elementor-cta__content-item elementor-content-item\">\n\t\t\t\t\t\tUtility\t\t\t\t\t<\/h3>\n\t\t\t\t\n\t\t\t\t\t\t\t\t\t<div class=\"elementor-cta__description elementor-cta__content-item elementor-content-item\">\n\t\t\t\t\t\tPraticit\u00e0 e affidabilit\u00e0 senza rinunciare allo stile.\t\t\t\t\t<\/div>\n\t\t\t\t\n\t\t\t\t\t\t\t<\/div>\n\t\t\t\t\t\t<\/a>\n\t\t\t\t\t\t<\/div>\n\t\t\t\t<\/div>\n\t\t\t\t\t<\/div>\n\t\t<\/div>\n\t\t\t\t\t<\/div>\n\t\t<\/section>\n\t\t\t\t\t<\/div>\n\t\t<\/div>\n\t\t\t\t\t<\/div>\n\t\t<\/section>\n\t\t\t\t<\/div>\n\t\t","protected":false},"excerpt":{"rendered":"<p>Noleggio auto di lusso a Milano Milano non \u00e8 solo una citt\u00e0, \u00e8 un\u2019esperienza da vivere con stile. Capitale della moda, del design e dell\u2019innovazione, sorprende con il suo mix perfetto di storia e modernit\u00e0.\u00a0 Le sue strade eleganti, le boutique esclusive e le piazze iconiche creano un\u2019atmosfera unica, da assaporare senza fretta. Quale modo [&hellip;]<\/p>\n","protected":false},"author":1,"featured_media":3515,"parent":589,"menu_order":0,"comment_status":"closed","ping_status":"closed","template":"","meta":{"footnotes":""},"class_list":["post-2036","page","type-page","status-publish","has-post-thumbnail","hentry"],"yoast_head":"<!-- This site is optimized with the Yoast SEO plugin v27.2 - https:\/\/yoast.com\/product\/yoast-seo-wordpress\/ -->\n<title>Noleggio Auto di Lusso a Milano, Italia<\/title>\n<meta name=\"description\" content=\"Noleggio Auto di Lusso a Milano con i nostri Luxury Concierge di AF Luxury Rent. Milano non \u00e8 solo una citt\u00e0, \u00e8 un\u2019esperienza da vivere con stile. Capitale della moda, del design e dell\u2019innovazione, sorprende con il suo mix perfetto di storia e modernit\u00e0.\" \/>\n<meta name=\"robots\" content=\"index, follow, max-snippet:-1, max-image-preview:large, max-video-preview:-1\" \/>\n<link rel=\"canonical\" href=\"https:\/\/www.afluxuryrent.com\/it\/destinazioni\/noleggio-auto-di-lusso-a-milano\/\" \/>\n<meta property=\"og:locale\" content=\"it_IT\" \/>\n<meta property=\"og:type\" content=\"article\" \/>\n<meta property=\"og:title\" content=\"Noleggio Auto di Lusso a Milano, Italia\" \/>\n<meta property=\"og:description\" content=\"Noleggio Auto di Lusso a Milano con i nostri Luxury Concierge di AF Luxury Rent. Milano non \u00e8 solo una citt\u00e0, \u00e8 un\u2019esperienza da vivere con stile. Capitale della moda, del design e dell\u2019innovazione, sorprende con il suo mix perfetto di storia e modernit\u00e0.\" \/>\n<meta property=\"og:url\" content=\"https:\/\/www.afluxuryrent.com\/it\/destinazioni\/noleggio-auto-di-lusso-a-milano\/\" \/>\n<meta property=\"og:site_name\" content=\"AF Group\" \/>\n<meta property=\"article:modified_time\" content=\"2025-07-09T08:03:28+00:00\" \/>\n<meta property=\"og:image\" content=\"https:\/\/www.afluxuryrent.com\/wp-content\/uploads\/2025\/02\/af-group-share.webp\" \/>\n\t<meta property=\"og:image:width\" content=\"800\" \/>\n\t<meta property=\"og:image:height\" content=\"600\" \/>\n\t<meta property=\"og:image:type\" content=\"image\/webp\" \/>\n<meta name=\"twitter:card\" content=\"summary_large_image\" \/>\n<script type=\"application\/ld+json\" class=\"yoast-schema-graph\">{\"@context\":\"https:\/\/schema.org\",\"@graph\":[{\"@type\":\"WebPage\",\"@id\":\"https:\/\/www.afluxuryrent.com\/it\/destinazioni\/noleggio-auto-di-lusso-a-milano\/\",\"url\":\"https:\/\/www.afluxuryrent.com\/it\/destinazioni\/noleggio-auto-di-lusso-a-milano\/\",\"name\":\"Noleggio Auto di Lusso a Milano, Italia\",\"isPartOf\":{\"@id\":\"https:\/\/www.afluxuryrent.com\/it\/#website\"},\"primaryImageOfPage\":{\"@id\":\"https:\/\/www.afluxuryrent.com\/it\/destinazioni\/noleggio-auto-di-lusso-a-milano\/#primaryimage\"},\"image\":{\"@id\":\"https:\/\/www.afluxuryrent.com\/it\/destinazioni\/noleggio-auto-di-lusso-a-milano\/#primaryimage\"},\"thumbnailUrl\":\"https:\/\/www.afluxuryrent.com\/wp-content\/uploads\/2025\/02\/af-group-share.webp\",\"datePublished\":\"2025-02-07T16:08:29+00:00\",\"dateModified\":\"2025-07-09T08:03:28+00:00\",\"description\":\"Noleggio Auto di Lusso a Milano con i nostri Luxury Concierge di AF Luxury Rent. Milano non \u00e8 solo una citt\u00e0, \u00e8 un\u2019esperienza da vivere con stile. Capitale della moda, del design e dell\u2019innovazione, sorprende con il suo mix perfetto di storia e modernit\u00e0.\",\"breadcrumb\":{\"@id\":\"https:\/\/www.afluxuryrent.com\/it\/destinazioni\/noleggio-auto-di-lusso-a-milano\/#breadcrumb\"},\"inLanguage\":\"it-IT\",\"potentialAction\":[{\"@type\":\"ReadAction\",\"target\":[\"https:\/\/www.afluxuryrent.com\/it\/destinazioni\/noleggio-auto-di-lusso-a-milano\/\"]}]},{\"@type\":\"ImageObject\",\"inLanguage\":\"it-IT\",\"@id\":\"https:\/\/www.afluxuryrent.com\/it\/destinazioni\/noleggio-auto-di-lusso-a-milano\/#primaryimage\",\"url\":\"https:\/\/www.afluxuryrent.com\/wp-content\/uploads\/2025\/02\/af-group-share.webp\",\"contentUrl\":\"https:\/\/www.afluxuryrent.com\/wp-content\/uploads\/2025\/02\/af-group-share.webp\",\"width\":800,\"height\":600,\"caption\":\"Luxury Car Rental - AF Group\"},{\"@type\":\"BreadcrumbList\",\"@id\":\"https:\/\/www.afluxuryrent.com\/it\/destinazioni\/noleggio-auto-di-lusso-a-milano\/#breadcrumb\",\"itemListElement\":[{\"@type\":\"ListItem\",\"position\":1,\"name\":\"Home\",\"item\":\"https:\/\/www.afluxuryrent.com\/it\/\"},{\"@type\":\"ListItem\",\"position\":2,\"name\":\"Destinazioni\",\"item\":\"https:\/\/www.afluxuryrent.com\/it\/destinazioni\/\"},{\"@type\":\"ListItem\",\"position\":3,\"name\":\"Destinazioni &#8211; Milano\"}]},{\"@type\":\"WebSite\",\"@id\":\"https:\/\/www.afluxuryrent.com\/it\/#website\",\"url\":\"https:\/\/www.afluxuryrent.com\/it\/\",\"name\":\"AF Group\",\"description\":\"Luxury rent\",\"publisher\":{\"@id\":\"https:\/\/www.afluxuryrent.com\/it\/#organization\"},\"potentialAction\":[{\"@type\":\"SearchAction\",\"target\":{\"@type\":\"EntryPoint\",\"urlTemplate\":\"https:\/\/www.afluxuryrent.com\/it\/?s={search_term_string}\"},\"query-input\":{\"@type\":\"PropertyValueSpecification\",\"valueRequired\":true,\"valueName\":\"search_term_string\"}}],\"inLanguage\":\"it-IT\"},{\"@type\":\"Organization\",\"@id\":\"https:\/\/www.afluxuryrent.com\/it\/#organization\",\"name\":\"AF Group\",\"url\":\"https:\/\/www.afluxuryrent.com\/it\/\",\"logo\":{\"@type\":\"ImageObject\",\"inLanguage\":\"it-IT\",\"@id\":\"https:\/\/www.afluxuryrent.com\/it\/#\/schema\/logo\/image\/\",\"url\":\"https:\/\/www.afluxuryrent.com\/wp-content\/uploads\/2021\/04\/logo-af-sito.png\",\"contentUrl\":\"https:\/\/www.afluxuryrent.com\/wp-content\/uploads\/2021\/04\/logo-af-sito.png\",\"width\":500,\"height\":353,\"caption\":\"AF Group\"},\"image\":{\"@id\":\"https:\/\/www.afluxuryrent.com\/it\/#\/schema\/logo\/image\/\"}}]}<\/script>\n<!-- \/ Yoast SEO plugin. -->","yoast_head_json":{"title":"Noleggio Auto di Lusso a Milano, Italia","description":"Noleggio Auto di Lusso a Milano con i nostri Luxury Concierge di AF Luxury Rent. Milano non \u00e8 solo una citt\u00e0, \u00e8 un\u2019esperienza da vivere con stile. Capitale della moda, del design e dell\u2019innovazione, sorprende con il suo mix perfetto di storia e modernit\u00e0.","robots":{"index":"index","follow":"follow","max-snippet":"max-snippet:-1","max-image-preview":"max-image-preview:large","max-video-preview":"max-video-preview:-1"},"canonical":"https:\/\/www.afluxuryrent.com\/it\/destinazioni\/noleggio-auto-di-lusso-a-milano\/","og_locale":"it_IT","og_type":"article","og_title":"Noleggio Auto di Lusso a Milano, Italia","og_description":"Noleggio Auto di Lusso a Milano con i nostri Luxury Concierge di AF Luxury Rent. Milano non \u00e8 solo una citt\u00e0, \u00e8 un\u2019esperienza da vivere con stile. Capitale della moda, del design e dell\u2019innovazione, sorprende con il suo mix perfetto di storia e modernit\u00e0.","og_url":"https:\/\/www.afluxuryrent.com\/it\/destinazioni\/noleggio-auto-di-lusso-a-milano\/","og_site_name":"AF Group","article_modified_time":"2025-07-09T08:03:28+00:00","og_image":[{"width":800,"height":600,"url":"https:\/\/www.afluxuryrent.com\/wp-content\/uploads\/2025\/02\/af-group-share.webp","type":"image\/webp"}],"twitter_card":"summary_large_image","schema":{"@context":"https:\/\/schema.org","@graph":[{"@type":"WebPage","@id":"https:\/\/www.afluxuryrent.com\/it\/destinazioni\/noleggio-auto-di-lusso-a-milano\/","url":"https:\/\/www.afluxuryrent.com\/it\/destinazioni\/noleggio-auto-di-lusso-a-milano\/","name":"Noleggio Auto di Lusso a Milano, Italia","isPartOf":{"@id":"https:\/\/www.afluxuryrent.com\/it\/#website"},"primaryImageOfPage":{"@id":"https:\/\/www.afluxuryrent.com\/it\/destinazioni\/noleggio-auto-di-lusso-a-milano\/#primaryimage"},"image":{"@id":"https:\/\/www.afluxuryrent.com\/it\/destinazioni\/noleggio-auto-di-lusso-a-milano\/#primaryimage"},"thumbnailUrl":"https:\/\/www.afluxuryrent.com\/wp-content\/uploads\/2025\/02\/af-group-share.webp","datePublished":"2025-02-07T16:08:29+00:00","dateModified":"2025-07-09T08:03:28+00:00","description":"Noleggio Auto di Lusso a Milano con i nostri Luxury Concierge di AF Luxury Rent. Milano non \u00e8 solo una citt\u00e0, \u00e8 un\u2019esperienza da vivere con stile. Capitale della moda, del design e dell\u2019innovazione, sorprende con il suo mix perfetto di storia e modernit\u00e0.","breadcrumb":{"@id":"https:\/\/www.afluxuryrent.com\/it\/destinazioni\/noleggio-auto-di-lusso-a-milano\/#breadcrumb"},"inLanguage":"it-IT","potentialAction":[{"@type":"ReadAction","target":["https:\/\/www.afluxuryrent.com\/it\/destinazioni\/noleggio-auto-di-lusso-a-milano\/"]}]},{"@type":"ImageObject","inLanguage":"it-IT","@id":"https:\/\/www.afluxuryrent.com\/it\/destinazioni\/noleggio-auto-di-lusso-a-milano\/#primaryimage","url":"https:\/\/www.afluxuryrent.com\/wp-content\/uploads\/2025\/02\/af-group-share.webp","contentUrl":"https:\/\/www.afluxuryrent.com\/wp-content\/uploads\/2025\/02\/af-group-share.webp","width":800,"height":600,"caption":"Luxury Car Rental - AF Group"},{"@type":"BreadcrumbList","@id":"https:\/\/www.afluxuryrent.com\/it\/destinazioni\/noleggio-auto-di-lusso-a-milano\/#breadcrumb","itemListElement":[{"@type":"ListItem","position":1,"name":"Home","item":"https:\/\/www.afluxuryrent.com\/it\/"},{"@type":"ListItem","position":2,"name":"Destinazioni","item":"https:\/\/www.afluxuryrent.com\/it\/destinazioni\/"},{"@type":"ListItem","position":3,"name":"Destinazioni &#8211; Milano"}]},{"@type":"WebSite","@id":"https:\/\/www.afluxuryrent.com\/it\/#website","url":"https:\/\/www.afluxuryrent.com\/it\/","name":"AF Group","description":"Luxury rent","publisher":{"@id":"https:\/\/www.afluxuryrent.com\/it\/#organization"},"potentialAction":[{"@type":"SearchAction","target":{"@type":"EntryPoint","urlTemplate":"https:\/\/www.afluxuryrent.com\/it\/?s={search_term_string}"},"query-input":{"@type":"PropertyValueSpecification","valueRequired":true,"valueName":"search_term_string"}}],"inLanguage":"it-IT"},{"@type":"Organization","@id":"https:\/\/www.afluxuryrent.com\/it\/#organization","name":"AF Group","url":"https:\/\/www.afluxuryrent.com\/it\/","logo":{"@type":"ImageObject","inLanguage":"it-IT","@id":"https:\/\/www.afluxuryrent.com\/it\/#\/schema\/logo\/image\/","url":"https:\/\/www.afluxuryrent.com\/wp-content\/uploads\/2021\/04\/logo-af-sito.png","contentUrl":"https:\/\/www.afluxuryrent.com\/wp-content\/uploads\/2021\/04\/logo-af-sito.png","width":500,"height":353,"caption":"AF Group"},"image":{"@id":"https:\/\/www.afluxuryrent.com\/it\/#\/schema\/logo\/image\/"}}]}},"_links":{"self":[{"href":"https:\/\/www.afluxuryrent.com\/it\/wp-json\/wp\/v2\/pages\/2036","targetHints":{"allow":["GET"]}}],"collection":[{"href":"https:\/\/www.afluxuryrent.com\/it\/wp-json\/wp\/v2\/pages"}],"about":[{"href":"https:\/\/www.afluxuryrent.com\/it\/wp-json\/wp\/v2\/types\/page"}],"author":[{"embeddable":true,"href":"https:\/\/www.afluxuryrent.com\/it\/wp-json\/wp\/v2\/users\/1"}],"replies":[{"embeddable":true,"href":"https:\/\/www.afluxuryrent.com\/it\/wp-json\/wp\/v2\/comments?post=2036"}],"version-history":[{"count":16,"href":"https:\/\/www.afluxuryrent.com\/it\/wp-json\/wp\/v2\/pages\/2036\/revisions"}],"predecessor-version":[{"id":9615,"href":"https:\/\/www.afluxuryrent.com\/it\/wp-json\/wp\/v2\/pages\/2036\/revisions\/9615"}],"up":[{"embeddable":true,"href":"https:\/\/www.afluxuryrent.com\/it\/wp-json\/wp\/v2\/pages\/589"}],"wp:featuredmedia":[{"embeddable":true,"href":"https:\/\/www.afluxuryrent.com\/it\/wp-json\/wp\/v2\/media\/3515"}],"wp:attachment":[{"href":"https:\/\/www.afluxuryrent.com\/it\/wp-json\/wp\/v2\/media?parent=2036"}],"curies":[{"name":"wp","href":"https:\/\/api.w.org\/{rel}","templated":true}]}}