{"id":1998,"date":"2025-02-07T17:02:40","date_gmt":"2025-02-07T16:02:40","guid":{"rendered":"https:\/\/www.afluxuryrent.com\/?page_id=1998"},"modified":"2025-04-02T15:39:27","modified_gmt":"2025-04-02T13:39:27","slug":"noleggio-auto-di-lusso-francia","status":"publish","type":"page","link":"https:\/\/www.afluxuryrent.com\/it\/destinazioni\/noleggio-auto-di-lusso-francia\/","title":{"rendered":"Destinazioni &#8211; Francia"},"content":{"rendered":"\t\t<div data-elementor-type=\"wp-page\" data-elementor-id=\"1998\" class=\"elementor elementor-1998\" data-elementor-post-type=\"page\">\n\t\t\t\t\t\t<section class=\"elementor-section elementor-top-section elementor-element elementor-element-5846f4d elementor-section-full_width elementor-reverse-tablet elementor-reverse-mobile elementor-section-height-default elementor-section-height-default\" data-id=\"5846f4d\" data-element_type=\"section\" data-e-type=\"section\">\n\t\t\t\t\t\t<div class=\"elementor-container elementor-column-gap-default\">\n\t\t\t\t\t<div class=\"elementor-column elementor-col-50 elementor-top-column elementor-element elementor-element-d2d9772\" data-id=\"d2d9772\" data-element_type=\"column\" data-e-type=\"column\">\n\t\t\t<div class=\"elementor-widget-wrap elementor-element-populated\">\n\t\t\t\t\t\t<div class=\"elementor-element elementor-element-d585d4b elementor-widget elementor-widget-heading\" data-id=\"d585d4b\" data-element_type=\"widget\" data-e-type=\"widget\" data-widget_type=\"heading.default\">\n\t\t\t\t<div class=\"elementor-widget-container\">\n\t\t\t\t\t<h1 class=\"elementor-heading-title elementor-size-default\">Noleggio auto di lusso <b class=\"oro\">Francia <\/b><\/h1>\t\t\t\t<\/div>\n\t\t\t\t<\/div>\n\t\t\t\t<div class=\"elementor-element elementor-element-7568632 elementor-widget elementor-widget-text-editor\" data-id=\"7568632\" data-element_type=\"widget\" data-e-type=\"widget\" data-widget_type=\"text-editor.default\">\n\t\t\t\t<div class=\"elementor-widget-container\">\n\t\t\t\t\t\t\t\t\t<p>Una nazione che incanta con la sua straordinaria diversit\u00e0 di paesaggi, cultura e storia. Dalle maestose cime alpine alle coste bagnate dal Mediterraneo, ogni angolo del paese offre esperienze uniche e affascinanti.\u00a0<\/p><p>\u00a0<\/p><p>Scopri ogni destinazione a bordo di un\u2019auto di lusso, trasformando il tuo viaggio in un\u2019esperienza esclusiva.<\/p>\t\t\t\t\t\t\t\t<\/div>\n\t\t\t\t<\/div>\n\t\t\t\t<div class=\"elementor-element elementor-element-3d2c42c elementor-align-left elementor-widget elementor-widget-button\" data-id=\"3d2c42c\" data-element_type=\"widget\" data-e-type=\"widget\" data-widget_type=\"button.default\">\n\t\t\t\t<div class=\"elementor-widget-container\">\n\t\t\t\t\t\t\t\t\t<div class=\"elementor-button-wrapper\">\n\t\t\t\t\t<a class=\"elementor-button elementor-button-link elementor-size-sm\" href=\"#auto\">\n\t\t\t\t\t\t<span class=\"elementor-button-content-wrapper\">\n\t\t\t\t\t\t\t\t\t<span class=\"elementor-button-text\">Noleggia la tua auto di lusso <\/span>\n\t\t\t\t\t<\/span>\n\t\t\t\t\t<\/a>\n\t\t\t\t<\/div>\n\t\t\t\t\t\t\t\t<\/div>\n\t\t\t\t<\/div>\n\t\t\t\t\t<\/div>\n\t\t<\/div>\n\t\t\t\t<div class=\"elementor-column elementor-col-50 elementor-top-column elementor-element elementor-element-b298d36\" data-id=\"b298d36\" data-element_type=\"column\" data-e-type=\"column\" data-settings=\"{&quot;background_background&quot;:&quot;classic&quot;}\">\n\t\t\t<div class=\"elementor-widget-wrap elementor-element-populated\">\n\t\t\t\t\t\t<div class=\"elementor-element elementor-element-cee8e1a elementor-widget elementor-widget-spacer\" data-id=\"cee8e1a\" data-element_type=\"widget\" data-e-type=\"widget\" data-widget_type=\"spacer.default\">\n\t\t\t\t<div class=\"elementor-widget-container\">\n\t\t\t\t\t\t\t<div class=\"elementor-spacer\">\n\t\t\t<div class=\"elementor-spacer-inner\"><\/div>\n\t\t<\/div>\n\t\t\t\t\t\t<\/div>\n\t\t\t\t<\/div>\n\t\t\t\t\t<\/div>\n\t\t<\/div>\n\t\t\t\t\t<\/div>\n\t\t<\/section>\n\t\t\t\t<section class=\"elementor-section elementor-top-section elementor-element elementor-element-aa2288e elementor-section-full_width elementor-section-height-default elementor-section-height-default\" data-id=\"aa2288e\" data-element_type=\"section\" data-e-type=\"section\" data-settings=\"{&quot;background_background&quot;:&quot;classic&quot;}\">\n\t\t\t\t\t\t<div class=\"elementor-container elementor-column-gap-default\">\n\t\t\t\t\t<div class=\"elementor-column elementor-col-100 elementor-top-column elementor-element elementor-element-d79af90\" data-id=\"d79af90\" data-element_type=\"column\" data-e-type=\"column\">\n\t\t\t<div class=\"elementor-widget-wrap elementor-element-populated\">\n\t\t\t\t\t\t<div class=\"elementor-element elementor-element-27ae25b elementor-widget elementor-widget-heading\" data-id=\"27ae25b\" data-element_type=\"widget\" data-e-type=\"widget\" data-widget_type=\"heading.default\">\n\t\t\t\t<div class=\"elementor-widget-container\">\n\t\t\t\t\t<h2 class=\"elementor-heading-title elementor-size-default\">Francia da vivere: esperienze imperdibili a bordo di un\u2019auto di lusso<\/h2>\t\t\t\t<\/div>\n\t\t\t\t<\/div>\n\t\t\t\t<div class=\"elementor-element elementor-element-7e954cb elementor-widget elementor-widget-text-editor\" data-id=\"7e954cb\" data-element_type=\"widget\" data-e-type=\"widget\" data-widget_type=\"text-editor.default\">\n\t\t\t\t<div class=\"elementor-widget-container\">\n\t\t\t\t\t\t\t\t\t<p>In Francia, il lusso si manifesta in molteplici forme: dall&#8217;alta moda parigina ai vigneti pregiati, dai castelli sontuosi alle spiagge esclusive. Esplorare queste meraviglie a bordo di un&#8217;auto di lusso aggiunge un tocco di eleganza al viaggio, permettendo di apprezzare appieno la bellezza e la raffinatezza francesi.<\/p>\t\t\t\t\t\t\t\t<\/div>\n\t\t\t\t<\/div>\n\t\t\t\t<div class=\"elementor-element elementor-element-f286eaf elementor-widget elementor-widget-heading\" data-id=\"f286eaf\" data-element_type=\"widget\" data-e-type=\"widget\" data-widget_type=\"heading.default\">\n\t\t\t\t<div class=\"elementor-widget-container\">\n\t\t\t\t\t<h3 class=\"elementor-heading-title elementor-size-default\">Cosa fare in Francia <\/h3>\t\t\t\t<\/div>\n\t\t\t\t<\/div>\n\t\t\t\t<div class=\"elementor-element elementor-element-b7a016b elementor-widget elementor-widget-text-editor\" data-id=\"b7a016b\" data-element_type=\"widget\" data-e-type=\"widget\" data-widget_type=\"text-editor.default\">\n\t\t\t\t<div class=\"elementor-widget-container\">\n\t\t\t\t\t\t\t\t\t<ul><li aria-level=\"1\"><b>Parigi<\/b>: La capitale francese \u00e8 un simbolo di eleganza e stile. Passeggia lungo gli Champs-\u00c9lys\u00e9es, visita la Torre Eiffel e scopri le boutique di alta moda nel Marais.<\/li><li aria-level=\"1\"><b>Valle della Loira<\/b>: Conosciuta come il &#8220;Giardino di Francia&#8221;, questa regione \u00e8 celebre per i suoi castelli rinascimentali e i vigneti rigogliosi. Un luogo ideale per un tour enogastronomico.<\/li><li aria-level=\"1\"><b>Provenza<\/b>: Famosa per i campi di lavanda e i pittoreschi villaggi arroccati, la Provenza offre paesaggi mozzafiato e una ricca tradizione culturale.<\/li><li aria-level=\"1\"><b>Bretagna<\/b>: Con le sue coste frastagliate, le citt\u00e0 medievali e le leggende celtiche, la Bretagna \u00e8 una terra di mistero e fascino.<\/li><li aria-level=\"1\"><b>Costa Azzurra<\/b>: Dalle spiagge esclusive di Saint-Tropez al glamour di Cannes e Monaco, la Costa Azzurra \u00e8 il luogo ideale per chi cerca lusso e mondanit\u00e0.<\/li><li aria-level=\"1\"><b>Borgogna<\/b>: Rinomata per i suoi prestigiosi vigneti, la Borgogna offre anche un ricco patrimonio storico e culturale, con citt\u00e0 d&#8217;arte e paesaggi incantevoli.<\/li><li aria-level=\"1\"><b>Alsazia<\/b>: Con i suoi pittoreschi villaggi e la famosa Strada dei Vini, l&#8217;Alsazia \u00e8 una regione affascinante che combina influenze francesi e tedesche.<\/li><li aria-level=\"1\"><b>Corsica<\/b>: Conosciuta per le sue acque cristalline e le spiagge incontaminate, la Corsica \u00e8 una destinazione ideale per chi cerca bellezze naturali e tranquillit\u00e0.<\/li><\/ul><p>\u00a0<\/p><p>Rendi ogni momento del viaggio indimenticabile, noleggia la fuoriserie pi\u00f9 adatta a te.\u00a0\u00a0<\/p>\t\t\t\t\t\t\t\t<\/div>\n\t\t\t\t<\/div>\n\t\t\t\t<div class=\"elementor-element elementor-element-2a3c7fb elementor-widget elementor-widget-spacer\" data-id=\"2a3c7fb\" data-element_type=\"widget\" data-e-type=\"widget\" id=\"auto\" data-widget_type=\"spacer.default\">\n\t\t\t\t<div class=\"elementor-widget-container\">\n\t\t\t\t\t\t\t<div class=\"elementor-spacer\">\n\t\t\t<div class=\"elementor-spacer-inner\"><\/div>\n\t\t<\/div>\n\t\t\t\t\t\t<\/div>\n\t\t\t\t<\/div>\n\t\t\t\t\t<\/div>\n\t\t<\/div>\n\t\t\t\t\t<\/div>\n\t\t<\/section>\n\t\t\t\t<section class=\"elementor-section elementor-top-section elementor-element elementor-element-4f35946 elementor-section-full_width elementor-hidden-tablet elementor-hidden-mobile elementor-section-height-default elementor-section-height-default\" data-id=\"4f35946\" data-element_type=\"section\" data-e-type=\"section\">\n\t\t\t\t\t\t<div class=\"elementor-container elementor-column-gap-default\">\n\t\t\t\t\t<div class=\"elementor-column elementor-col-100 elementor-top-column elementor-element elementor-element-0b8c304\" data-id=\"0b8c304\" data-element_type=\"column\" data-e-type=\"column\">\n\t\t\t<div class=\"elementor-widget-wrap elementor-element-populated\">\n\t\t\t\t\t\t<section class=\"elementor-section elementor-inner-section elementor-element elementor-element-6cabbce elementor-section-full_width elementor-section-height-default elementor-section-height-default\" data-id=\"6cabbce\" data-element_type=\"section\" data-e-type=\"section\">\n\t\t\t\t\t\t<div class=\"elementor-container elementor-column-gap-default\">\n\t\t\t\t\t<div class=\"elementor-column elementor-col-100 elementor-inner-column elementor-element elementor-element-42bbadd\" data-id=\"42bbadd\" data-element_type=\"column\" data-e-type=\"column\">\n\t\t\t<div class=\"elementor-widget-wrap elementor-element-populated\">\n\t\t\t\t\t\t<div class=\"elementor-element elementor-element-65978b2 elementor-widget elementor-widget-heading\" data-id=\"65978b2\" data-element_type=\"widget\" data-e-type=\"widget\" data-widget_type=\"heading.default\">\n\t\t\t\t<div class=\"elementor-widget-container\">\n\t\t\t\t\t<h2 class=\"elementor-heading-title elementor-size-default\"><b class=\"oro\"> Scegli l\u2019auto di lusso\n<\/b> per il tuo viaggio in Francia <\/h2>\t\t\t\t<\/div>\n\t\t\t\t<\/div>\n\t\t\t\t<div class=\"elementor-element elementor-element-ee7609e elementor-widget elementor-widget-tp-search-filter\" data-id=\"ee7609e\" data-element_type=\"widget\" data-e-type=\"widget\" data-widget_type=\"tp-search-filter.default\">\n\t\t\t\t<div class=\"elementor-widget-container\">\n\t\t\t\t\t<div class=\"tp-search-filter  wp-filter-69f40812f33ec\" data-id=\"wp-filter-69f40812f33ec\" data-basic='{\"URLParameter\":0,\"errormsg\":\"Sorry! No Results Found! Try Again.\",\"security\":\"6de6ecd04b\",\"FilterTitle\":0,\"AjaxButton\":0,\"Widgetid\":\"ee7609e\",\"delayload\":0.5,\"enablearchive\":false}' data-errordata= '{\"errormsg\":\"Sorry! No Results Found! Try Again.\"}'  data-connection=\"tp_list\" onSubmit=\"return false;\" ><div class=\"tp-filter-meta\"><\/div><form class=\"tp-search-form\" data-field='{\"tabbing\":[{\"name\":\"category\",\"id\":\"category69f4081302ad2\",\"field\":\"tabbing\",\"type\":\"taxonomy\"}]}' ><div class=\"tp-toggle-div\"><div class=\"tp-row\"><div class=\"field-col  elementor-repeater-item-e9065de tp-col-lg-12 tp-col-md-12 tp-col-sm-12 tp-col-12 \"><div class=\"tp-tabbing \"><div class=\"tp-tabbing-wrapper  \"><label class=\"tp-tabbing-item\"><input type=\"checkbox\" class=\"tp-tabbing-input\" id=\"tp-5\" name=\"category\" value=\"5\" data-title=\"Supercar\" ><span class=\"tp-tabbing-button\">Supercar<\/span><\/label><\/div><div class=\"tp-tabbing-wrapper  \"><label class=\"tp-tabbing-item\"><input type=\"checkbox\" class=\"tp-tabbing-input\" id=\"tp-6\" name=\"category\" value=\"6\" data-title=\"Sportcar\" ><span class=\"tp-tabbing-button\">Sportcar<\/span><\/label><\/div><div class=\"tp-tabbing-wrapper  \"><label class=\"tp-tabbing-item\"><input type=\"checkbox\" class=\"tp-tabbing-input\" id=\"tp-7\" name=\"category\" value=\"7\" data-title=\"Supersuv\" ><span class=\"tp-tabbing-button\">Supersuv<\/span><\/label><\/div><div class=\"tp-tabbing-wrapper  \"><label class=\"tp-tabbing-item\"><input type=\"checkbox\" class=\"tp-tabbing-input\" id=\"tp-8\" name=\"category\" value=\"8\" data-title=\"SUV\" ><span class=\"tp-tabbing-button\">SUV<\/span><\/label><\/div><div class=\"tp-tabbing-wrapper  \"><label class=\"tp-tabbing-item\"><input type=\"checkbox\" class=\"tp-tabbing-input\" id=\"tp-9\" name=\"category\" value=\"9\" data-title=\"Executive\" ><span class=\"tp-tabbing-button\">Executive<\/span><\/label><\/div><div class=\"tp-tabbing-wrapper  \"><label class=\"tp-tabbing-item\"><input type=\"checkbox\" class=\"tp-tabbing-input\" id=\"tp-10\" name=\"category\" value=\"10\" data-title=\"Utility\" ><span class=\"tp-tabbing-button\">Utility<\/span><\/label><\/div><\/div><\/div><\/div><\/div><\/form><\/div>\t\t\t\t<\/div>\n\t\t\t\t<\/div>\n\t\t\t\t<div class=\"elementor-element elementor-element-1767cf2 elementor-widget__width-initial elementor-widget elementor-widget-tp-dynamic-listing\" data-id=\"1767cf2\" data-element_type=\"widget\" data-e-type=\"widget\" data-widget_type=\"tp-dynamic-listing.default\">\n\t\t\t\t<div class=\"elementor-widget-container\">\n\t\t\t\t\t<div id=\"pt-plus-dynamic-listing\" class=\"dynamic-listing post69f4081357c42  list-isotope  dynamic-listing-style-2 hover-image-none  layout-style-1   tp-dy-l-type-search_list tp-searchlist\"    data-layout-type=\"fitRows\"   data-id=\"post69f4081357c42\" data-style=\"style-2\"   dir= data-enable-isotope=\"1\" filter-type = \"normal\"><div id=\"post69f4081357c42\" class=\"tp-row post-inner-loop   post69f4081357c42 text-left   tp_list\" data-extparam= '{\"loading-opt\":\"skeleton\",\"URL-para\":\"\"}'  data-searchAttr= '{\"load\":\"dynamiclisting\",\"layout\":\"grid\",\"offset-posts\":\"\",\"offset_posts\":\"\",\"display_post\":\"8\",\"post_load_more\":\"\",\"post_type\":\"post\",\"texonomy_category\":\"category\",\"post_title_tag\":\"h2\",\"author_prefix\":\"By\",\"title_desc_word_break\":\"normal\",\"include_posts\":\"\",\"exclude_posts\":\"\",\"style\":\"style-2\",\"style_layout\":\"layout-style-1\",\"desktop-column\":\"3\",\"tablet-column\":\"6\",\"mobile-column\":\"6\",\"metro_column\":\"\",\"metro_style\":\"no\",\"responsive_tablet_metro\":\"no\",\"tablet_metro_column\":\"no\",\"tablet_metro_style\":\"no\",\"category_type\":\"false\",\"category\":\"\",\"post_tags\":\"\",\"post_authors\":\"\",\"order_by\":\"rand\",\"post_order\":\"DESC\",\"filter_category\":\"\",\"animated_columns\":\"\",\"display_post_meta\":\"\",\"post_meta_tag_style\":\"\",\"display_post_meta_date\":\"no\",\"display_post_meta_author\":\"no\",\"display_post_meta_author_pic\":\"no\",\"display_excerpt\":\"\",\"post_excerpt_count\":\"30\",\"display_post_category\":\"yes\",\"dpc_all\":\"no\",\"post_category_style\":\"style-1\",\"featured_image_type\":\"full\",\"display_thumbnail\":\"\",\"thumbnail\":\"\",\"thumbnail_car\":\"\",\"display_title_limit\":\"no\",\"display_title_by\":\"\",\"display_title_input\":\"\",\"display_title_3_dots\":\"\",\"feature_image\":\"yes\",\"display_theplus_quickview\":\"no\",\"full_image_size\":\"\",\"theplus_nonce\":\"4398b0b476\",\"paginationType\":\"standard\",\"loading_optn\":\"skeleton\",\"more_post_option\":\"none\",\"is_search\":0,\"is_search_page\":[],\"is_archive\":0,\"archive_page\":[],\"custon_query\":\"\",\"skin_template\":[],\"loadmoretxt\":null,\"No_PostFound\":\"No Post Found\",\"listing_type\":\"search_list\",\"widget_id\":\"1767cf2\",\"cat_filter_type\":\"normal\"}'  data-total-result=\"102\" data-total-count=\"51\"\"  data-widgetId = 1767cf2><div class=\"grid-item metro-item  tp-col-lg-3 tp-col-md-6 tp-col-sm-6 tp-col-6  \"><article id=\"post-1532\" class=\"post-1532 post type-post status-publish format-standard has-post-thumbnail hentry category-suv tag-audi\">\r\n\t<div class=\"blog-list-content\">\r\n\t\t\t\t\t\t\t\t\t<div class=\"post-content-image\">\r\n\t\t\t<a href=\"https:\/\/www.afluxuryrent.com\/it\/noleggio-auto-di-lusso-audi-rsq3-sportback\/\">\r\n\t\t\t\t\t<div class=\"blog-featured-image \">\r\n\t<span class=\"thumb-wrap\">\r\n\t\t<img fetchpriority=\"high\" decoding=\"async\" width=\"500\" height=\"500\" src=\"https:\/\/www.afluxuryrent.com\/wp-content\/uploads\/2025\/02\/audi_rsq3_sfondo_modificato-1.webp\" class=\"attachment-tp-image-grid size-tp-image-grid\" alt=\"audi_rsq3_sfondo_modificato\" \/>\t<\/span>\r\n\t<\/div>\r\n\t\t\t<\/a>\r\n\t\t\t\t\t\t<\/div>\r\n\t\t\t\t\t\t<div class=\"post-content-bottom\">\r\n\t\t\t\t\t\t\t<div class=\"post-metro-category-top\">\r\n\t\t\t\t\t<div class=\"post-category-list style-1\">\t\r\n\t<span><a href=\"https:\/\/www.afluxuryrent.com\/it\/noleggio\/suv\/\">SUV<\/a><\/span><\/div>\r\n\t\t\t\t<\/div>\r\n\t\t\t\t\t\t<div class=\"post-metro-content\">\r\n\t\t\t\t<h2 class=\"post-title\">\r\n\t<a href=\"https:\/\/www.afluxuryrent.com\/it\/noleggio-auto-di-lusso-audi-rsq3-sportback\/\" class=\"normal\">Audi RSQ3 Sportback<\/a>\r\n<\/h2>\r\n\t\t\t\t\t\t\t\t\t\t\t<\/div>\r\n\t\t<\/div>\r\n\t\t\t<div class=\"tp-skeleton\"  >   \r\n\t\t<div class=\"tp-skeleton-img loading\">\r\n\t\t\t<div class=\"tp-skeleton-bottom\">\r\n\t\t\t\t<div class=\"tp-skeleton-title loading\"><\/div>\r\n\t\t\t\t<div class=\"tp-skeleton-description loading\"><\/div>\r\n\t\t\t<\/div>\r\n\t\t<\/div>\r\n\t<\/div>\r\n\t<\/div>\r\n<\/article>\r\n<\/div><div class=\"grid-item metro-item  tp-col-lg-3 tp-col-md-6 tp-col-sm-6 tp-col-6  \"><article id=\"post-1169\" class=\"post-1169 post type-post status-publish format-standard has-post-thumbnail hentry category-supercar tag-mclaren\">\r\n\t<div class=\"blog-list-content\">\r\n\t\t\t\t\t\t\t\t\t<div class=\"post-content-image\">\r\n\t\t\t<a href=\"https:\/\/www.afluxuryrent.com\/it\/noleggio-auto-di-lusso-mclaren-720s-performance-spider\/\">\r\n\t\t\t\t\t<div class=\"blog-featured-image \">\r\n\t<span class=\"thumb-wrap\">\r\n\t\t<img decoding=\"async\" width=\"500\" height=\"500\" src=\"https:\/\/www.afluxuryrent.com\/wp-content\/uploads\/2025\/01\/McLaren-3.webp\" class=\"attachment-tp-image-grid size-tp-image-grid\" alt=\"McLaren\" \/>\t<\/span>\r\n\t<\/div>\r\n\t\t\t<\/a>\r\n\t\t\t\t\t\t<\/div>\r\n\t\t\t\t\t\t<div class=\"post-content-bottom\">\r\n\t\t\t\t\t\t\t<div class=\"post-metro-category-top\">\r\n\t\t\t\t\t<div class=\"post-category-list style-1\">\t\r\n\t<span><a href=\"https:\/\/www.afluxuryrent.com\/it\/noleggio\/supercar\/\">Supercar<\/a><\/span><\/div>\r\n\t\t\t\t<\/div>\r\n\t\t\t\t\t\t<div class=\"post-metro-content\">\r\n\t\t\t\t<h2 class=\"post-title\">\r\n\t<a href=\"https:\/\/www.afluxuryrent.com\/it\/noleggio-auto-di-lusso-mclaren-720s-performance-spider\/\" class=\"normal\">McLaren 720S Spider<\/a>\r\n<\/h2>\r\n\t\t\t\t\t\t\t\t\t\t\t<\/div>\r\n\t\t<\/div>\r\n\t\t\t<div class=\"tp-skeleton\"  >   \r\n\t\t<div class=\"tp-skeleton-img loading\">\r\n\t\t\t<div class=\"tp-skeleton-bottom\">\r\n\t\t\t\t<div class=\"tp-skeleton-title loading\"><\/div>\r\n\t\t\t\t<div class=\"tp-skeleton-description loading\"><\/div>\r\n\t\t\t<\/div>\r\n\t\t<\/div>\r\n\t<\/div>\r\n\t<\/div>\r\n<\/article>\r\n<\/div><div class=\"grid-item metro-item  tp-col-lg-3 tp-col-md-6 tp-col-sm-6 tp-col-6  \"><article id=\"post-6790\" class=\"post-6790 post type-post status-publish format-standard has-post-thumbnail hentry category-supersuv tag-mercedes\">\r\n\t<div class=\"blog-list-content\">\r\n\t\t\t\t\t\t\t\t\t<div class=\"post-content-image\">\r\n\t\t\t<a href=\"https:\/\/www.afluxuryrent.com\/it\/mercedes-amg-g-63-verde\/\">\r\n\t\t\t\t\t<div class=\"blog-featured-image \">\r\n\t<span class=\"thumb-wrap\">\r\n\t\t<img decoding=\"async\" width=\"500\" height=\"500\" src=\"https:\/\/www.afluxuryrent.com\/wp-content\/uploads\/2025\/01\/garage-corretto-3-1.webp\" class=\"attachment-tp-image-grid size-tp-image-grid\" alt=\"garage corretto (3)\" \/>\t<\/span>\r\n\t<\/div>\r\n\t\t\t<\/a>\r\n\t\t\t\t\t\t<\/div>\r\n\t\t\t\t\t\t<div class=\"post-content-bottom\">\r\n\t\t\t\t\t\t\t<div class=\"post-metro-category-top\">\r\n\t\t\t\t\t<div class=\"post-category-list style-1\">\t\r\n\t<span><a href=\"https:\/\/www.afluxuryrent.com\/it\/noleggio\/supersuv\/\">Supersuv<\/a><\/span><\/div>\r\n\t\t\t\t<\/div>\r\n\t\t\t\t\t\t<div class=\"post-metro-content\">\r\n\t\t\t\t<h2 class=\"post-title\">\r\n\t<a href=\"https:\/\/www.afluxuryrent.com\/it\/mercedes-amg-g-63-verde\/\" class=\"normal\">Mercedes AMG G 63<\/a>\r\n<\/h2>\r\n\t\t\t\t\t\t\t\t\t\t\t<\/div>\r\n\t\t<\/div>\r\n\t\t\t<div class=\"tp-skeleton\"  >   \r\n\t\t<div class=\"tp-skeleton-img loading\">\r\n\t\t\t<div class=\"tp-skeleton-bottom\">\r\n\t\t\t\t<div class=\"tp-skeleton-title loading\"><\/div>\r\n\t\t\t\t<div class=\"tp-skeleton-description loading\"><\/div>\r\n\t\t\t<\/div>\r\n\t\t<\/div>\r\n\t<\/div>\r\n\t<\/div>\r\n<\/article>\r\n<\/div><div class=\"grid-item metro-item  tp-col-lg-3 tp-col-md-6 tp-col-sm-6 tp-col-6  \"><article id=\"post-1566\" class=\"post-1566 post type-post status-publish format-standard has-post-thumbnail hentry category-suv tag-porsche\">\r\n\t<div class=\"blog-list-content\">\r\n\t\t\t\t\t\t\t\t\t<div class=\"post-content-image\">\r\n\t\t\t<a href=\"https:\/\/www.afluxuryrent.com\/it\/noleggio-auto-di-lusso-porsche-macan\/\">\r\n\t\t\t\t\t<div class=\"blog-featured-image \">\r\n\t<span class=\"thumb-wrap\">\r\n\t\t<img loading=\"lazy\" decoding=\"async\" width=\"500\" height=\"500\" src=\"https:\/\/www.afluxuryrent.com\/wp-content\/uploads\/2025\/04\/Porsche-Macan-2.webp\" class=\"attachment-tp-image-grid size-tp-image-grid\" alt=\"Porsche Macan\" \/>\t<\/span>\r\n\t<\/div>\r\n\t\t\t<\/a>\r\n\t\t\t\t\t\t<\/div>\r\n\t\t\t\t\t\t<div class=\"post-content-bottom\">\r\n\t\t\t\t\t\t\t<div class=\"post-metro-category-top\">\r\n\t\t\t\t\t<div class=\"post-category-list style-1\">\t\r\n\t<span><a href=\"https:\/\/www.afluxuryrent.com\/it\/noleggio\/suv\/\">SUV<\/a><\/span><\/div>\r\n\t\t\t\t<\/div>\r\n\t\t\t\t\t\t<div class=\"post-metro-content\">\r\n\t\t\t\t<h2 class=\"post-title\">\r\n\t<a href=\"https:\/\/www.afluxuryrent.com\/it\/noleggio-auto-di-lusso-porsche-macan\/\" class=\"normal\">Porsche Macan<\/a>\r\n<\/h2>\r\n\t\t\t\t\t\t\t\t\t\t\t<\/div>\r\n\t\t<\/div>\r\n\t\t\t<div class=\"tp-skeleton\"  >   \r\n\t\t<div class=\"tp-skeleton-img loading\">\r\n\t\t\t<div class=\"tp-skeleton-bottom\">\r\n\t\t\t\t<div class=\"tp-skeleton-title loading\"><\/div>\r\n\t\t\t\t<div class=\"tp-skeleton-description loading\"><\/div>\r\n\t\t\t<\/div>\r\n\t\t<\/div>\r\n\t<\/div>\r\n\t<\/div>\r\n<\/article>\r\n<\/div><div class=\"grid-item metro-item  tp-col-lg-3 tp-col-md-6 tp-col-sm-6 tp-col-6  \"><article id=\"post-1380\" class=\"post-1380 post type-post status-publish format-standard has-post-thumbnail hentry category-supersuv tag-bmw\">\r\n\t<div class=\"blog-list-content\">\r\n\t\t\t\t\t\t\t\t\t<div class=\"post-content-image\">\r\n\t\t\t<a href=\"https:\/\/www.afluxuryrent.com\/it\/noleggio-auto-di-lusso-bmw-x6-m-competition\/\">\r\n\t\t\t\t\t<div class=\"blog-featured-image \">\r\n\t<span class=\"thumb-wrap\">\r\n\t\t<img loading=\"lazy\" decoding=\"async\" width=\"500\" height=\"500\" src=\"https:\/\/www.afluxuryrent.com\/wp-content\/uploads\/2025\/01\/garage-corretto-8-1.webp\" class=\"attachment-tp-image-grid size-tp-image-grid\" alt=\"garage corretto (8)\" \/>\t<\/span>\r\n\t<\/div>\r\n\t\t\t<\/a>\r\n\t\t\t\t\t\t<\/div>\r\n\t\t\t\t\t\t<div class=\"post-content-bottom\">\r\n\t\t\t\t\t\t\t<div class=\"post-metro-category-top\">\r\n\t\t\t\t\t<div class=\"post-category-list style-1\">\t\r\n\t<span><a href=\"https:\/\/www.afluxuryrent.com\/it\/noleggio\/supersuv\/\">Supersuv<\/a><\/span><\/div>\r\n\t\t\t\t<\/div>\r\n\t\t\t\t\t\t<div class=\"post-metro-content\">\r\n\t\t\t\t<h2 class=\"post-title\">\r\n\t<a href=\"https:\/\/www.afluxuryrent.com\/it\/noleggio-auto-di-lusso-bmw-x6-m-competition\/\" class=\"normal\">Bmw X6 M Competition<\/a>\r\n<\/h2>\r\n\t\t\t\t\t\t\t\t\t\t\t<\/div>\r\n\t\t<\/div>\r\n\t\t\t<div class=\"tp-skeleton\"  >   \r\n\t\t<div class=\"tp-skeleton-img loading\">\r\n\t\t\t<div class=\"tp-skeleton-bottom\">\r\n\t\t\t\t<div class=\"tp-skeleton-title loading\"><\/div>\r\n\t\t\t\t<div class=\"tp-skeleton-description loading\"><\/div>\r\n\t\t\t<\/div>\r\n\t\t<\/div>\r\n\t<\/div>\r\n\t<\/div>\r\n<\/article>\r\n<\/div><div class=\"grid-item metro-item  tp-col-lg-3 tp-col-md-6 tp-col-sm-6 tp-col-6  \"><article id=\"post-1319\" class=\"post-1319 post type-post status-publish format-standard has-post-thumbnail hentry category-sportcar tag-audi\">\r\n\t<div class=\"blog-list-content\">\r\n\t\t\t\t\t\t\t\t\t<div class=\"post-content-image\">\r\n\t\t\t<a href=\"https:\/\/www.afluxuryrent.com\/it\/noleggio-auto-di-lusso-audi-rs6-avant\/\">\r\n\t\t\t\t\t<div class=\"blog-featured-image \">\r\n\t<span class=\"thumb-wrap\">\r\n\t\t<img loading=\"lazy\" decoding=\"async\" width=\"500\" height=\"500\" src=\"https:\/\/www.afluxuryrent.com\/wp-content\/uploads\/2025\/01\/Audi-RS6-2.webp\" class=\"attachment-tp-image-grid size-tp-image-grid\" alt=\"Audi RS6\" \/>\t<\/span>\r\n\t<\/div>\r\n\t\t\t<\/a>\r\n\t\t\t\t\t\t<\/div>\r\n\t\t\t\t\t\t<div class=\"post-content-bottom\">\r\n\t\t\t\t\t\t\t<div class=\"post-metro-category-top\">\r\n\t\t\t\t\t<div class=\"post-category-list style-1\">\t\r\n\t<span><a href=\"https:\/\/www.afluxuryrent.com\/it\/noleggio\/sportcar\/\">Sportcar<\/a><\/span><\/div>\r\n\t\t\t\t<\/div>\r\n\t\t\t\t\t\t<div class=\"post-metro-content\">\r\n\t\t\t\t<h2 class=\"post-title\">\r\n\t<a href=\"https:\/\/www.afluxuryrent.com\/it\/noleggio-auto-di-lusso-audi-rs6-avant\/\" class=\"normal\">Audi RS6 Avant<\/a>\r\n<\/h2>\r\n\t\t\t\t\t\t\t\t\t\t\t<\/div>\r\n\t\t<\/div>\r\n\t\t\t<div class=\"tp-skeleton\"  >   \r\n\t\t<div class=\"tp-skeleton-img loading\">\r\n\t\t\t<div class=\"tp-skeleton-bottom\">\r\n\t\t\t\t<div class=\"tp-skeleton-title loading\"><\/div>\r\n\t\t\t\t<div class=\"tp-skeleton-description loading\"><\/div>\r\n\t\t\t<\/div>\r\n\t\t<\/div>\r\n\t<\/div>\r\n\t<\/div>\r\n<\/article>\r\n<\/div><div class=\"grid-item metro-item  tp-col-lg-3 tp-col-md-6 tp-col-sm-6 tp-col-6  \"><article id=\"post-3102\" class=\"post-3102 post type-post status-publish format-standard has-post-thumbnail hentry category-sportcar tag-bentley\">\r\n\t<div class=\"blog-list-content\">\r\n\t\t\t\t\t\t\t\t\t<div class=\"post-content-image\">\r\n\t\t\t<a href=\"https:\/\/www.afluxuryrent.com\/it\/noleggio-auto-di-lusso-bentley-continental-gtc-speed-hybrid\/\">\r\n\t\t\t\t\t<div class=\"blog-featured-image \">\r\n\t<span class=\"thumb-wrap\">\r\n\t\t<img loading=\"lazy\" decoding=\"async\" width=\"500\" height=\"500\" src=\"https:\/\/www.afluxuryrent.com\/wp-content\/uploads\/2025\/05\/Bentley-Cont-Hybrid-2.webp\" class=\"attachment-tp-image-grid size-tp-image-grid\" alt=\"Bentley Cont Hybrid\" \/>\t<\/span>\r\n\t<\/div>\r\n\t\t\t<\/a>\r\n\t\t\t\t\t\t<\/div>\r\n\t\t\t\t\t\t<div class=\"post-content-bottom\">\r\n\t\t\t\t\t\t\t<div class=\"post-metro-category-top\">\r\n\t\t\t\t\t<div class=\"post-category-list style-1\">\t\r\n\t<span><a href=\"https:\/\/www.afluxuryrent.com\/it\/noleggio\/sportcar\/\">Sportcar<\/a><\/span><\/div>\r\n\t\t\t\t<\/div>\r\n\t\t\t\t\t\t<div class=\"post-metro-content\">\r\n\t\t\t\t<h2 class=\"post-title\">\r\n\t<a href=\"https:\/\/www.afluxuryrent.com\/it\/noleggio-auto-di-lusso-bentley-continental-gtc-speed-hybrid\/\" class=\"normal\">Bentley Continental GTC Speed Hybrid<\/a>\r\n<\/h2>\r\n\t\t\t\t\t\t\t\t\t\t\t<\/div>\r\n\t\t<\/div>\r\n\t\t\t<div class=\"tp-skeleton\"  >   \r\n\t\t<div class=\"tp-skeleton-img loading\">\r\n\t\t\t<div class=\"tp-skeleton-bottom\">\r\n\t\t\t\t<div class=\"tp-skeleton-title loading\"><\/div>\r\n\t\t\t\t<div class=\"tp-skeleton-description loading\"><\/div>\r\n\t\t\t<\/div>\r\n\t\t<\/div>\r\n\t<\/div>\r\n\t<\/div>\r\n<\/article>\r\n<\/div><div class=\"grid-item metro-item  tp-col-lg-3 tp-col-md-6 tp-col-sm-6 tp-col-6  \"><article id=\"post-1163\" class=\"post-1163 post type-post status-publish format-standard has-post-thumbnail hentry category-supercar tag-ferrari\">\r\n\t<div class=\"blog-list-content\">\r\n\t\t\t\t\t\t\t\t\t<div class=\"post-content-image\">\r\n\t\t\t<a href=\"https:\/\/www.afluxuryrent.com\/it\/noleggio-auto-di-lusso-ferrari-roma\/\">\r\n\t\t\t\t\t<div class=\"blog-featured-image \">\r\n\t<span class=\"thumb-wrap\">\r\n\t\t<img loading=\"lazy\" decoding=\"async\" width=\"500\" height=\"500\" src=\"https:\/\/www.afluxuryrent.com\/wp-content\/uploads\/2025\/11\/Ferrari-Roma-2.webp\" class=\"attachment-tp-image-grid size-tp-image-grid\" alt=\"Ferrari Roma\" \/>\t<\/span>\r\n\t<\/div>\r\n\t\t\t<\/a>\r\n\t\t\t\t\t\t<\/div>\r\n\t\t\t\t\t\t<div class=\"post-content-bottom\">\r\n\t\t\t\t\t\t\t<div class=\"post-metro-category-top\">\r\n\t\t\t\t\t<div class=\"post-category-list style-1\">\t\r\n\t<span><a href=\"https:\/\/www.afluxuryrent.com\/it\/noleggio\/supercar\/\">Supercar<\/a><\/span><\/div>\r\n\t\t\t\t<\/div>\r\n\t\t\t\t\t\t<div class=\"post-metro-content\">\r\n\t\t\t\t<h2 class=\"post-title\">\r\n\t<a href=\"https:\/\/www.afluxuryrent.com\/it\/noleggio-auto-di-lusso-ferrari-roma\/\" class=\"normal\">Ferrari Roma<\/a>\r\n<\/h2>\r\n\t\t\t\t\t\t\t\t\t\t\t<\/div>\r\n\t\t<\/div>\r\n\t\t\t<div class=\"tp-skeleton\"  >   \r\n\t\t<div class=\"tp-skeleton-img loading\">\r\n\t\t\t<div class=\"tp-skeleton-bottom\">\r\n\t\t\t\t<div class=\"tp-skeleton-title loading\"><\/div>\r\n\t\t\t\t<div class=\"tp-skeleton-description loading\"><\/div>\r\n\t\t\t<\/div>\r\n\t\t<\/div>\r\n\t<\/div>\r\n\t<\/div>\r\n<\/article>\r\n<\/div><\/div><\/div>\t\t\t\t<\/div>\n\t\t\t\t<\/div>\n\t\t\t\t\t<\/div>\n\t\t<\/div>\n\t\t\t\t\t<\/div>\n\t\t<\/section>\n\t\t\t\t\t<\/div>\n\t\t<\/div>\n\t\t\t\t\t<\/div>\n\t\t<\/section>\n\t\t\t\t<section class=\"elementor-section elementor-top-section elementor-element elementor-element-4fc89e4 elementor-section-full_width elementor-hidden-desktop elementor-section-height-default elementor-section-height-default\" data-id=\"4fc89e4\" data-element_type=\"section\" data-e-type=\"section\">\n\t\t\t\t\t\t<div class=\"elementor-container elementor-column-gap-default\">\n\t\t\t\t\t<div class=\"elementor-column elementor-col-50 elementor-top-column elementor-element elementor-element-31214c1\" data-id=\"31214c1\" data-element_type=\"column\" data-e-type=\"column\">\n\t\t\t<div class=\"elementor-widget-wrap elementor-element-populated\">\n\t\t\t\t\t\t<div class=\"elementor-element elementor-element-39dd20e elementor-widget elementor-widget-heading\" data-id=\"39dd20e\" data-element_type=\"widget\" data-e-type=\"widget\" data-widget_type=\"heading.default\">\n\t\t\t\t<div class=\"elementor-widget-container\">\n\t\t\t\t\t<h2 class=\"elementor-heading-title elementor-size-default\"><b class=\"oro\"> Scegli l\u2019auto di lusso\n<\/b> per il tuo viaggio in Francia <\/h2>\t\t\t\t<\/div>\n\t\t\t\t<\/div>\n\t\t\t\t\t<\/div>\n\t\t<\/div>\n\t\t\t\t<div class=\"elementor-column elementor-col-50 elementor-top-column elementor-element elementor-element-50df2ea\" data-id=\"50df2ea\" data-element_type=\"column\" data-e-type=\"column\">\n\t\t\t<div class=\"elementor-widget-wrap elementor-element-populated\">\n\t\t\t\t\t\t<section class=\"elementor-section elementor-inner-section elementor-element elementor-element-45fcb02 elementor-section-height-min-height elementor-section-full_width elementor-section-height-default\" data-id=\"45fcb02\" data-element_type=\"section\" data-e-type=\"section\">\n\t\t\t\t\t\t<div class=\"elementor-container elementor-column-gap-default\">\n\t\t\t\t\t<div class=\"elementor-column elementor-col-50 elementor-inner-column elementor-element elementor-element-1ea0040\" data-id=\"1ea0040\" data-element_type=\"column\" data-e-type=\"column\" data-settings=\"{&quot;background_background&quot;:&quot;classic&quot;}\">\n\t\t\t<div class=\"elementor-widget-wrap elementor-element-populated\">\n\t\t\t\t\t\t<div class=\"elementor-element elementor-element-feae224 elementor-cta--skin-cover elementor-cta--valign-top elementor-widget elementor-widget-call-to-action\" data-id=\"feae224\" data-element_type=\"widget\" data-e-type=\"widget\" data-widget_type=\"call-to-action.default\">\n\t\t\t\t<div class=\"elementor-widget-container\">\n\t\t\t\t\t\t\t<a class=\"elementor-cta\" href=\"https:\/\/www.afluxuryrent.com\/it\/automobili-supercar-di-lusso\/\">\n\t\t\t\t\t<div class=\"elementor-cta__bg-wrapper\">\n\t\t\t\t<div class=\"elementor-cta__bg elementor-bg\" style=\"background-image: url(https:\/\/www.afluxuryrent.com\/wp-content\/uploads\/2025\/02\/supercar.webp);\" role=\"img\" aria-label=\"Luxury car category Super Car - AF Group\"><\/div>\n\t\t\t\t<div class=\"elementor-cta__bg-overlay\"><\/div>\n\t\t\t<\/div>\n\t\t\t\t\t\t\t<div class=\"elementor-cta__content\">\n\t\t\t\t\n\t\t\t\t\t\t\t\t\t<h3 class=\"elementor-cta__title elementor-cta__content-item elementor-content-item\">\n\t\t\t\t\t\tSupercar \t\t\t\t\t<\/h3>\n\t\t\t\t\n\t\t\t\t\t\t\t\t\t<div class=\"elementor-cta__description elementor-cta__content-item elementor-content-item\">\n\t\t\t\t\t\tPotenza estrema e design iconico per un\u2019esperienza senza compromessi.\t\t\t\t\t<\/div>\n\t\t\t\t\n\t\t\t\t\t\t\t<\/div>\n\t\t\t\t\t\t<\/a>\n\t\t\t\t\t\t<\/div>\n\t\t\t\t<\/div>\n\t\t\t\t\t<\/div>\n\t\t<\/div>\n\t\t\t\t<div class=\"elementor-column elementor-col-50 elementor-inner-column elementor-element elementor-element-dd69bda\" data-id=\"dd69bda\" data-element_type=\"column\" data-e-type=\"column\" data-settings=\"{&quot;background_background&quot;:&quot;classic&quot;}\">\n\t\t\t<div class=\"elementor-widget-wrap elementor-element-populated\">\n\t\t\t\t\t\t<div class=\"elementor-element elementor-element-052d5b9 elementor-cta--skin-cover elementor-cta--valign-top elementor-widget elementor-widget-call-to-action\" data-id=\"052d5b9\" data-element_type=\"widget\" data-e-type=\"widget\" data-widget_type=\"call-to-action.default\">\n\t\t\t\t<div class=\"elementor-widget-container\">\n\t\t\t\t\t\t\t<a class=\"elementor-cta\" href=\"https:\/\/www.afluxuryrent.com\/it\/automobili-sport-di-lusso\/\">\n\t\t\t\t\t<div class=\"elementor-cta__bg-wrapper\">\n\t\t\t\t<div class=\"elementor-cta__bg elementor-bg\" style=\"background-image: url(https:\/\/www.afluxuryrent.com\/wp-content\/uploads\/2025\/02\/sport-car.webp);\" role=\"img\" aria-label=\"Luxury car category Sport Car - AF Group\"><\/div>\n\t\t\t\t<div class=\"elementor-cta__bg-overlay\"><\/div>\n\t\t\t<\/div>\n\t\t\t\t\t\t\t<div class=\"elementor-cta__content\">\n\t\t\t\t\n\t\t\t\t\t\t\t\t\t<h3 class=\"elementor-cta__title elementor-cta__content-item elementor-content-item\">\n\t\t\t\t\t\tSport car \t\t\t\t\t<\/h3>\n\t\t\t\t\n\t\t\t\t\t\t\t\t\t<div class=\"elementor-cta__description elementor-cta__content-item elementor-content-item\">\n\t\t\t\t\t\tDinamismo e agilit\u00e0 per chi ama la guida sportiva.\t\t\t\t\t<\/div>\n\t\t\t\t\n\t\t\t\t\t\t\t<\/div>\n\t\t\t\t\t\t<\/a>\n\t\t\t\t\t\t<\/div>\n\t\t\t\t<\/div>\n\t\t\t\t\t<\/div>\n\t\t<\/div>\n\t\t\t\t\t<\/div>\n\t\t<\/section>\n\t\t\t\t<section class=\"elementor-section elementor-inner-section elementor-element elementor-element-5a7847e elementor-section-height-min-height elementor-section-full_width elementor-section-height-default\" data-id=\"5a7847e\" data-element_type=\"section\" data-e-type=\"section\">\n\t\t\t\t\t\t<div class=\"elementor-container elementor-column-gap-default\">\n\t\t\t\t\t<div class=\"elementor-column elementor-col-50 elementor-inner-column elementor-element elementor-element-20bf431\" data-id=\"20bf431\" data-element_type=\"column\" data-e-type=\"column\" data-settings=\"{&quot;background_background&quot;:&quot;classic&quot;}\">\n\t\t\t<div class=\"elementor-widget-wrap elementor-element-populated\">\n\t\t\t\t\t\t<div class=\"elementor-element elementor-element-1089d93 elementor-cta--skin-cover elementor-cta--valign-top elementor-widget elementor-widget-call-to-action\" data-id=\"1089d93\" data-element_type=\"widget\" data-e-type=\"widget\" data-widget_type=\"call-to-action.default\">\n\t\t\t\t<div class=\"elementor-widget-container\">\n\t\t\t\t\t\t\t<a class=\"elementor-cta\" href=\"https:\/\/www.afluxuryrent.com\/it\/automobili-super-suv-di-lusso\/\">\n\t\t\t\t\t<div class=\"elementor-cta__bg-wrapper\">\n\t\t\t\t<div class=\"elementor-cta__bg elementor-bg\" style=\"background-image: url(https:\/\/www.afluxuryrent.com\/wp-content\/uploads\/2025\/02\/super-Suv.webp);\" role=\"img\" aria-label=\"Luxury car category Super SUV - AF Group\"><\/div>\n\t\t\t\t<div class=\"elementor-cta__bg-overlay\"><\/div>\n\t\t\t<\/div>\n\t\t\t\t\t\t\t<div class=\"elementor-cta__content\">\n\t\t\t\t\n\t\t\t\t\t\t\t\t\t<h3 class=\"elementor-cta__title elementor-cta__content-item elementor-content-item\">\n\t\t\t\t\t\tSuper Suv\t\t\t\t\t<\/h3>\n\t\t\t\t\n\t\t\t\t\t\t\t\t\t<div class=\"elementor-cta__description elementor-cta__content-item elementor-content-item\">\n\t\t\t\t\t\tPrestazioni elevate abbinate al massimo comfort e versatilit\u00e0.\t\t\t\t\t<\/div>\n\t\t\t\t\n\t\t\t\t\t\t\t<\/div>\n\t\t\t\t\t\t<\/a>\n\t\t\t\t\t\t<\/div>\n\t\t\t\t<\/div>\n\t\t\t\t\t<\/div>\n\t\t<\/div>\n\t\t\t\t<div class=\"elementor-column elementor-col-50 elementor-inner-column elementor-element elementor-element-836aa4b\" data-id=\"836aa4b\" data-element_type=\"column\" data-e-type=\"column\" data-settings=\"{&quot;background_background&quot;:&quot;classic&quot;}\">\n\t\t\t<div class=\"elementor-widget-wrap elementor-element-populated\">\n\t\t\t\t\t\t<div class=\"elementor-element elementor-element-cf175e3 elementor-cta--skin-cover elementor-cta--valign-top elementor-widget elementor-widget-call-to-action\" data-id=\"cf175e3\" data-element_type=\"widget\" data-e-type=\"widget\" data-widget_type=\"call-to-action.default\">\n\t\t\t\t<div class=\"elementor-widget-container\">\n\t\t\t\t\t\t\t<a class=\"elementor-cta\" href=\"https:\/\/www.afluxuryrent.com\/it\/automobili-suv-di-lusso\/\">\n\t\t\t\t\t<div class=\"elementor-cta__bg-wrapper\">\n\t\t\t\t<div class=\"elementor-cta__bg elementor-bg\" style=\"background-image: url(https:\/\/www.afluxuryrent.com\/wp-content\/uploads\/2025\/02\/Suv.webp);\" role=\"img\" aria-label=\"Luxury car category SUV - AF Group\"><\/div>\n\t\t\t\t<div class=\"elementor-cta__bg-overlay\"><\/div>\n\t\t\t<\/div>\n\t\t\t\t\t\t\t<div class=\"elementor-cta__content\">\n\t\t\t\t\n\t\t\t\t\t\t\t\t\t<h3 class=\"elementor-cta__title elementor-cta__content-item elementor-content-item\">\n\t\t\t\t\t\tSuv\t\t\t\t\t<\/h3>\n\t\t\t\t\n\t\t\t\t\t\t\t\t\t<div class=\"elementor-cta__description elementor-cta__content-item elementor-content-item\">\n\t\t\t\t\t\tSpazio, sicurezza e tecnologia per ogni esigenza di viaggio.\t\t\t\t\t<\/div>\n\t\t\t\t\n\t\t\t\t\t\t\t<\/div>\n\t\t\t\t\t\t<\/a>\n\t\t\t\t\t\t<\/div>\n\t\t\t\t<\/div>\n\t\t\t\t\t<\/div>\n\t\t<\/div>\n\t\t\t\t\t<\/div>\n\t\t<\/section>\n\t\t\t\t<section class=\"elementor-section elementor-inner-section elementor-element elementor-element-e8d6a72 elementor-section-height-min-height elementor-section-full_width elementor-section-height-default\" data-id=\"e8d6a72\" data-element_type=\"section\" data-e-type=\"section\">\n\t\t\t\t\t\t<div class=\"elementor-container elementor-column-gap-default\">\n\t\t\t\t\t<div class=\"elementor-column elementor-col-50 elementor-inner-column elementor-element elementor-element-475f896\" data-id=\"475f896\" data-element_type=\"column\" data-e-type=\"column\" data-settings=\"{&quot;background_background&quot;:&quot;classic&quot;}\">\n\t\t\t<div class=\"elementor-widget-wrap elementor-element-populated\">\n\t\t\t\t\t\t<div class=\"elementor-element elementor-element-48d998c elementor-cta--skin-cover elementor-cta--valign-top elementor-widget elementor-widget-call-to-action\" data-id=\"48d998c\" data-element_type=\"widget\" data-e-type=\"widget\" data-widget_type=\"call-to-action.default\">\n\t\t\t\t<div class=\"elementor-widget-container\">\n\t\t\t\t\t\t\t<a class=\"elementor-cta\" href=\"https:\/\/www.afluxuryrent.com\/it\/automobili-executive-di-lusso\/\">\n\t\t\t\t\t<div class=\"elementor-cta__bg-wrapper\">\n\t\t\t\t<div class=\"elementor-cta__bg elementor-bg\" style=\"background-image: url(https:\/\/www.afluxuryrent.com\/wp-content\/uploads\/2025\/02\/Executive.webp);\" role=\"img\" aria-label=\"Luxury car category Executive - AF Group\"><\/div>\n\t\t\t\t<div class=\"elementor-cta__bg-overlay\"><\/div>\n\t\t\t<\/div>\n\t\t\t\t\t\t\t<div class=\"elementor-cta__content\">\n\t\t\t\t\n\t\t\t\t\t\t\t\t\t<h3 class=\"elementor-cta__title elementor-cta__content-item elementor-content-item\">\n\t\t\t\t\t\tExecutive \t\t\t\t\t<\/h3>\n\t\t\t\t\n\t\t\t\t\t\t\t\t\t<div class=\"elementor-cta__description elementor-cta__content-item elementor-content-item\">\n\t\t\t\t\t\tEleganza e raffinatezza per chi cerca esclusivit\u00e0 in ogni spostamento.\t\t\t\t\t<\/div>\n\t\t\t\t\n\t\t\t\t\t\t\t<\/div>\n\t\t\t\t\t\t<\/a>\n\t\t\t\t\t\t<\/div>\n\t\t\t\t<\/div>\n\t\t\t\t\t<\/div>\n\t\t<\/div>\n\t\t\t\t<div class=\"elementor-column elementor-col-50 elementor-inner-column elementor-element elementor-element-cc28e7e\" data-id=\"cc28e7e\" data-element_type=\"column\" data-e-type=\"column\" data-settings=\"{&quot;background_background&quot;:&quot;classic&quot;}\">\n\t\t\t<div class=\"elementor-widget-wrap elementor-element-populated\">\n\t\t\t\t\t\t<div class=\"elementor-element elementor-element-a721f0e elementor-cta--skin-cover elementor-cta--valign-top elementor-widget elementor-widget-call-to-action\" data-id=\"a721f0e\" data-element_type=\"widget\" data-e-type=\"widget\" data-widget_type=\"call-to-action.default\">\n\t\t\t\t<div class=\"elementor-widget-container\">\n\t\t\t\t\t\t\t<a class=\"elementor-cta\" href=\"https:\/\/www.afluxuryrent.com\/it\/automobili-utility-di-lusso\/\">\n\t\t\t\t\t<div class=\"elementor-cta__bg-wrapper\">\n\t\t\t\t<div class=\"elementor-cta__bg elementor-bg\" style=\"background-image: url(https:\/\/www.afluxuryrent.com\/wp-content\/uploads\/2025\/02\/Utility.webp);\" role=\"img\" aria-label=\"Luxury car category Utility - AF Group\"><\/div>\n\t\t\t\t<div class=\"elementor-cta__bg-overlay\"><\/div>\n\t\t\t<\/div>\n\t\t\t\t\t\t\t<div class=\"elementor-cta__content\">\n\t\t\t\t\n\t\t\t\t\t\t\t\t\t<h3 class=\"elementor-cta__title elementor-cta__content-item elementor-content-item\">\n\t\t\t\t\t\tUtility\t\t\t\t\t<\/h3>\n\t\t\t\t\n\t\t\t\t\t\t\t\t\t<div class=\"elementor-cta__description elementor-cta__content-item elementor-content-item\">\n\t\t\t\t\t\tPraticit\u00e0 e affidabilit\u00e0 senza rinunciare allo stile.\t\t\t\t\t<\/div>\n\t\t\t\t\n\t\t\t\t\t\t\t<\/div>\n\t\t\t\t\t\t<\/a>\n\t\t\t\t\t\t<\/div>\n\t\t\t\t<\/div>\n\t\t\t\t\t<\/div>\n\t\t<\/div>\n\t\t\t\t\t<\/div>\n\t\t<\/section>\n\t\t\t\t\t<\/div>\n\t\t<\/div>\n\t\t\t\t\t<\/div>\n\t\t<\/section>\n\t\t\t\t<\/div>\n\t\t","protected":false},"excerpt":{"rendered":"<p>Noleggio auto di lusso Francia Una nazione che incanta con la sua straordinaria diversit\u00e0 di paesaggi, cultura e storia. Dalle maestose cime alpine alle coste bagnate dal Mediterraneo, ogni angolo del paese offre esperienze uniche e affascinanti.\u00a0 \u00a0 Scopri ogni destinazione a bordo di un\u2019auto di lusso, trasformando il tuo viaggio in un\u2019esperienza esclusiva. Noleggia [&hellip;]<\/p>\n","protected":false},"author":1,"featured_media":3515,"parent":589,"menu_order":0,"comment_status":"closed","ping_status":"closed","template":"","meta":{"footnotes":""},"class_list":["post-1998","page","type-page","status-publish","has-post-thumbnail","hentry"],"yoast_head":"<!-- This site is optimized with the Yoast SEO plugin v27.2 - https:\/\/yoast.com\/product\/yoast-seo-wordpress\/ -->\n<title>Noleggio Auto di Lusso in Francia<\/title>\n<meta name=\"description\" content=\"Noleggio Auto di Lusso in Francia con i nostri Luxury Concierge di AF Luxury Rent. Una nazione che incanta con la sua straordinaria diversit\u00e0 di paesaggi, cultura e storia. Dalle maestose cime alpine alle coste bagnate dal Mediterraneo, ogni angolo del paese offre esperienze uniche e affascinanti.\" \/>\n<meta name=\"robots\" content=\"index, follow, max-snippet:-1, max-image-preview:large, max-video-preview:-1\" \/>\n<link rel=\"canonical\" href=\"https:\/\/www.afluxuryrent.com\/it\/destinazioni\/noleggio-auto-di-lusso-francia\/\" \/>\n<meta property=\"og:locale\" content=\"it_IT\" \/>\n<meta property=\"og:type\" content=\"article\" \/>\n<meta property=\"og:title\" content=\"Noleggio Auto di Lusso in Francia\" \/>\n<meta property=\"og:description\" content=\"Noleggio Auto di Lusso in Francia con i nostri Luxury Concierge di AF Luxury Rent. Una nazione che incanta con la sua straordinaria diversit\u00e0 di paesaggi, cultura e storia. Dalle maestose cime alpine alle coste bagnate dal Mediterraneo, ogni angolo del paese offre esperienze uniche e affascinanti.\" \/>\n<meta property=\"og:url\" content=\"https:\/\/www.afluxuryrent.com\/it\/destinazioni\/noleggio-auto-di-lusso-francia\/\" \/>\n<meta property=\"og:site_name\" content=\"AF Group\" \/>\n<meta property=\"article:modified_time\" content=\"2025-04-02T13:39:27+00:00\" \/>\n<meta property=\"og:image\" content=\"https:\/\/www.afluxuryrent.com\/wp-content\/uploads\/2025\/02\/af-group-share.webp\" \/>\n\t<meta property=\"og:image:width\" content=\"800\" \/>\n\t<meta property=\"og:image:height\" content=\"600\" \/>\n\t<meta property=\"og:image:type\" content=\"image\/webp\" \/>\n<meta name=\"twitter:card\" content=\"summary_large_image\" \/>\n<script type=\"application\/ld+json\" class=\"yoast-schema-graph\">{\"@context\":\"https:\/\/schema.org\",\"@graph\":[{\"@type\":\"WebPage\",\"@id\":\"https:\/\/www.afluxuryrent.com\/it\/destinazioni\/noleggio-auto-di-lusso-francia\/\",\"url\":\"https:\/\/www.afluxuryrent.com\/it\/destinazioni\/noleggio-auto-di-lusso-francia\/\",\"name\":\"Noleggio Auto di Lusso in Francia\",\"isPartOf\":{\"@id\":\"https:\/\/www.afluxuryrent.com\/it\/#website\"},\"primaryImageOfPage\":{\"@id\":\"https:\/\/www.afluxuryrent.com\/it\/destinazioni\/noleggio-auto-di-lusso-francia\/#primaryimage\"},\"image\":{\"@id\":\"https:\/\/www.afluxuryrent.com\/it\/destinazioni\/noleggio-auto-di-lusso-francia\/#primaryimage\"},\"thumbnailUrl\":\"https:\/\/www.afluxuryrent.com\/wp-content\/uploads\/2025\/02\/af-group-share.webp\",\"datePublished\":\"2025-02-07T16:02:40+00:00\",\"dateModified\":\"2025-04-02T13:39:27+00:00\",\"description\":\"Noleggio Auto di Lusso in Francia con i nostri Luxury Concierge di AF Luxury Rent. Una nazione che incanta con la sua straordinaria diversit\u00e0 di paesaggi, cultura e storia. Dalle maestose cime alpine alle coste bagnate dal Mediterraneo, ogni angolo del paese offre esperienze uniche e affascinanti.\",\"breadcrumb\":{\"@id\":\"https:\/\/www.afluxuryrent.com\/it\/destinazioni\/noleggio-auto-di-lusso-francia\/#breadcrumb\"},\"inLanguage\":\"it-IT\",\"potentialAction\":[{\"@type\":\"ReadAction\",\"target\":[\"https:\/\/www.afluxuryrent.com\/it\/destinazioni\/noleggio-auto-di-lusso-francia\/\"]}]},{\"@type\":\"ImageObject\",\"inLanguage\":\"it-IT\",\"@id\":\"https:\/\/www.afluxuryrent.com\/it\/destinazioni\/noleggio-auto-di-lusso-francia\/#primaryimage\",\"url\":\"https:\/\/www.afluxuryrent.com\/wp-content\/uploads\/2025\/02\/af-group-share.webp\",\"contentUrl\":\"https:\/\/www.afluxuryrent.com\/wp-content\/uploads\/2025\/02\/af-group-share.webp\",\"width\":800,\"height\":600,\"caption\":\"Luxury Car Rental - AF Group\"},{\"@type\":\"BreadcrumbList\",\"@id\":\"https:\/\/www.afluxuryrent.com\/it\/destinazioni\/noleggio-auto-di-lusso-francia\/#breadcrumb\",\"itemListElement\":[{\"@type\":\"ListItem\",\"position\":1,\"name\":\"Home\",\"item\":\"https:\/\/www.afluxuryrent.com\/it\/\"},{\"@type\":\"ListItem\",\"position\":2,\"name\":\"Destinazioni\",\"item\":\"https:\/\/www.afluxuryrent.com\/it\/destinazioni\/\"},{\"@type\":\"ListItem\",\"position\":3,\"name\":\"Destinazioni &#8211; Francia\"}]},{\"@type\":\"WebSite\",\"@id\":\"https:\/\/www.afluxuryrent.com\/it\/#website\",\"url\":\"https:\/\/www.afluxuryrent.com\/it\/\",\"name\":\"AF Group\",\"description\":\"Luxury rent\",\"publisher\":{\"@id\":\"https:\/\/www.afluxuryrent.com\/it\/#organization\"},\"potentialAction\":[{\"@type\":\"SearchAction\",\"target\":{\"@type\":\"EntryPoint\",\"urlTemplate\":\"https:\/\/www.afluxuryrent.com\/it\/?s={search_term_string}\"},\"query-input\":{\"@type\":\"PropertyValueSpecification\",\"valueRequired\":true,\"valueName\":\"search_term_string\"}}],\"inLanguage\":\"it-IT\"},{\"@type\":\"Organization\",\"@id\":\"https:\/\/www.afluxuryrent.com\/it\/#organization\",\"name\":\"AF Group\",\"url\":\"https:\/\/www.afluxuryrent.com\/it\/\",\"logo\":{\"@type\":\"ImageObject\",\"inLanguage\":\"it-IT\",\"@id\":\"https:\/\/www.afluxuryrent.com\/it\/#\/schema\/logo\/image\/\",\"url\":\"https:\/\/www.afluxuryrent.com\/wp-content\/uploads\/2021\/04\/logo-af-sito.png\",\"contentUrl\":\"https:\/\/www.afluxuryrent.com\/wp-content\/uploads\/2021\/04\/logo-af-sito.png\",\"width\":500,\"height\":353,\"caption\":\"AF Group\"},\"image\":{\"@id\":\"https:\/\/www.afluxuryrent.com\/it\/#\/schema\/logo\/image\/\"}}]}<\/script>\n<!-- \/ Yoast SEO plugin. -->","yoast_head_json":{"title":"Noleggio Auto di Lusso in Francia","description":"Noleggio Auto di Lusso in Francia con i nostri Luxury Concierge di AF Luxury Rent. Una nazione che incanta con la sua straordinaria diversit\u00e0 di paesaggi, cultura e storia. Dalle maestose cime alpine alle coste bagnate dal Mediterraneo, ogni angolo del paese offre esperienze uniche e affascinanti.","robots":{"index":"index","follow":"follow","max-snippet":"max-snippet:-1","max-image-preview":"max-image-preview:large","max-video-preview":"max-video-preview:-1"},"canonical":"https:\/\/www.afluxuryrent.com\/it\/destinazioni\/noleggio-auto-di-lusso-francia\/","og_locale":"it_IT","og_type":"article","og_title":"Noleggio Auto di Lusso in Francia","og_description":"Noleggio Auto di Lusso in Francia con i nostri Luxury Concierge di AF Luxury Rent. Una nazione che incanta con la sua straordinaria diversit\u00e0 di paesaggi, cultura e storia. Dalle maestose cime alpine alle coste bagnate dal Mediterraneo, ogni angolo del paese offre esperienze uniche e affascinanti.","og_url":"https:\/\/www.afluxuryrent.com\/it\/destinazioni\/noleggio-auto-di-lusso-francia\/","og_site_name":"AF Group","article_modified_time":"2025-04-02T13:39:27+00:00","og_image":[{"width":800,"height":600,"url":"https:\/\/www.afluxuryrent.com\/wp-content\/uploads\/2025\/02\/af-group-share.webp","type":"image\/webp"}],"twitter_card":"summary_large_image","schema":{"@context":"https:\/\/schema.org","@graph":[{"@type":"WebPage","@id":"https:\/\/www.afluxuryrent.com\/it\/destinazioni\/noleggio-auto-di-lusso-francia\/","url":"https:\/\/www.afluxuryrent.com\/it\/destinazioni\/noleggio-auto-di-lusso-francia\/","name":"Noleggio Auto di Lusso in Francia","isPartOf":{"@id":"https:\/\/www.afluxuryrent.com\/it\/#website"},"primaryImageOfPage":{"@id":"https:\/\/www.afluxuryrent.com\/it\/destinazioni\/noleggio-auto-di-lusso-francia\/#primaryimage"},"image":{"@id":"https:\/\/www.afluxuryrent.com\/it\/destinazioni\/noleggio-auto-di-lusso-francia\/#primaryimage"},"thumbnailUrl":"https:\/\/www.afluxuryrent.com\/wp-content\/uploads\/2025\/02\/af-group-share.webp","datePublished":"2025-02-07T16:02:40+00:00","dateModified":"2025-04-02T13:39:27+00:00","description":"Noleggio Auto di Lusso in Francia con i nostri Luxury Concierge di AF Luxury Rent. Una nazione che incanta con la sua straordinaria diversit\u00e0 di paesaggi, cultura e storia. Dalle maestose cime alpine alle coste bagnate dal Mediterraneo, ogni angolo del paese offre esperienze uniche e affascinanti.","breadcrumb":{"@id":"https:\/\/www.afluxuryrent.com\/it\/destinazioni\/noleggio-auto-di-lusso-francia\/#breadcrumb"},"inLanguage":"it-IT","potentialAction":[{"@type":"ReadAction","target":["https:\/\/www.afluxuryrent.com\/it\/destinazioni\/noleggio-auto-di-lusso-francia\/"]}]},{"@type":"ImageObject","inLanguage":"it-IT","@id":"https:\/\/www.afluxuryrent.com\/it\/destinazioni\/noleggio-auto-di-lusso-francia\/#primaryimage","url":"https:\/\/www.afluxuryrent.com\/wp-content\/uploads\/2025\/02\/af-group-share.webp","contentUrl":"https:\/\/www.afluxuryrent.com\/wp-content\/uploads\/2025\/02\/af-group-share.webp","width":800,"height":600,"caption":"Luxury Car Rental - AF Group"},{"@type":"BreadcrumbList","@id":"https:\/\/www.afluxuryrent.com\/it\/destinazioni\/noleggio-auto-di-lusso-francia\/#breadcrumb","itemListElement":[{"@type":"ListItem","position":1,"name":"Home","item":"https:\/\/www.afluxuryrent.com\/it\/"},{"@type":"ListItem","position":2,"name":"Destinazioni","item":"https:\/\/www.afluxuryrent.com\/it\/destinazioni\/"},{"@type":"ListItem","position":3,"name":"Destinazioni &#8211; Francia"}]},{"@type":"WebSite","@id":"https:\/\/www.afluxuryrent.com\/it\/#website","url":"https:\/\/www.afluxuryrent.com\/it\/","name":"AF Group","description":"Luxury rent","publisher":{"@id":"https:\/\/www.afluxuryrent.com\/it\/#organization"},"potentialAction":[{"@type":"SearchAction","target":{"@type":"EntryPoint","urlTemplate":"https:\/\/www.afluxuryrent.com\/it\/?s={search_term_string}"},"query-input":{"@type":"PropertyValueSpecification","valueRequired":true,"valueName":"search_term_string"}}],"inLanguage":"it-IT"},{"@type":"Organization","@id":"https:\/\/www.afluxuryrent.com\/it\/#organization","name":"AF Group","url":"https:\/\/www.afluxuryrent.com\/it\/","logo":{"@type":"ImageObject","inLanguage":"it-IT","@id":"https:\/\/www.afluxuryrent.com\/it\/#\/schema\/logo\/image\/","url":"https:\/\/www.afluxuryrent.com\/wp-content\/uploads\/2021\/04\/logo-af-sito.png","contentUrl":"https:\/\/www.afluxuryrent.com\/wp-content\/uploads\/2021\/04\/logo-af-sito.png","width":500,"height":353,"caption":"AF Group"},"image":{"@id":"https:\/\/www.afluxuryrent.com\/it\/#\/schema\/logo\/image\/"}}]}},"_links":{"self":[{"href":"https:\/\/www.afluxuryrent.com\/it\/wp-json\/wp\/v2\/pages\/1998","targetHints":{"allow":["GET"]}}],"collection":[{"href":"https:\/\/www.afluxuryrent.com\/it\/wp-json\/wp\/v2\/pages"}],"about":[{"href":"https:\/\/www.afluxuryrent.com\/it\/wp-json\/wp\/v2\/types\/page"}],"author":[{"embeddable":true,"href":"https:\/\/www.afluxuryrent.com\/it\/wp-json\/wp\/v2\/users\/1"}],"replies":[{"embeddable":true,"href":"https:\/\/www.afluxuryrent.com\/it\/wp-json\/wp\/v2\/comments?post=1998"}],"version-history":[{"count":15,"href":"https:\/\/www.afluxuryrent.com\/it\/wp-json\/wp\/v2\/pages\/1998\/revisions"}],"predecessor-version":[{"id":5394,"href":"https:\/\/www.afluxuryrent.com\/it\/wp-json\/wp\/v2\/pages\/1998\/revisions\/5394"}],"up":[{"embeddable":true,"href":"https:\/\/www.afluxuryrent.com\/it\/wp-json\/wp\/v2\/pages\/589"}],"wp:featuredmedia":[{"embeddable":true,"href":"https:\/\/www.afluxuryrent.com\/it\/wp-json\/wp\/v2\/media\/3515"}],"wp:attachment":[{"href":"https:\/\/www.afluxuryrent.com\/it\/wp-json\/wp\/v2\/media?parent=1998"}],"curies":[{"name":"wp","href":"https:\/\/api.w.org\/{rel}","templated":true}]}}