{"id":1182,"date":"2025-02-04T12:15:48","date_gmt":"2025-02-04T11:15:48","guid":{"rendered":"https:\/\/www.afluxuryrent.com\/?page_id=1182"},"modified":"2025-04-02T16:28:42","modified_gmt":"2025-04-02T14:28:42","slug":"noleggio-auto-di-lusso-bentley","status":"publish","type":"page","link":"https:\/\/www.afluxuryrent.com\/it\/noleggio-auto-di-lusso-bentley\/","title":{"rendered":"Brand &#8211; Bentley"},"content":{"rendered":"\t\t<div data-elementor-type=\"wp-page\" data-elementor-id=\"1182\" class=\"elementor elementor-1182\" data-elementor-post-type=\"page\">\n\t\t\t\t\t\t<section class=\"elementor-section elementor-top-section elementor-element elementor-element-becd23e elementor-section-boxed elementor-section-height-default elementor-section-height-default\" data-id=\"becd23e\" data-element_type=\"section\" data-e-type=\"section\">\n\t\t\t\t\t\t\t<div class=\"elementor-background-overlay\"><\/div>\n\t\t\t\t\t\t\t<div class=\"elementor-container elementor-column-gap-default\">\n\t\t\t\t\t<div class=\"elementor-column elementor-col-100 elementor-top-column elementor-element elementor-element-bd1aa58\" data-id=\"bd1aa58\" data-element_type=\"column\" data-e-type=\"column\">\n\t\t\t<div class=\"elementor-widget-wrap elementor-element-populated\">\n\t\t\t\t\t\t<div class=\"elementor-element elementor-element-0b32699 elementor-widget elementor-widget-heading\" data-id=\"0b32699\" data-element_type=\"widget\" data-e-type=\"widget\" data-widget_type=\"heading.default\">\n\t\t\t\t<div class=\"elementor-widget-container\">\n\t\t\t\t\t<h1 class=\"elementor-heading-title elementor-size-default\">Noleggio auto di lusso: Bentley\n<\/h1>\t\t\t\t<\/div>\n\t\t\t\t<\/div>\n\t\t\t\t<div class=\"elementor-element elementor-element-cb3de6b elementor-widget elementor-widget-text-editor\" data-id=\"cb3de6b\" data-element_type=\"widget\" data-e-type=\"widget\" data-widget_type=\"text-editor.default\">\n\t\t\t\t<div class=\"elementor-widget-container\">\n\t\t\t\t\t\t\t\t\t<p>Lo stile non si limita a ci\u00f2 che indossi, ma si manifesta in ci\u00f2 che guidi.<\/p>\t\t\t\t\t\t\t\t<\/div>\n\t\t\t\t<\/div>\n\t\t\t\t<div class=\"elementor-element elementor-element-e2e659c elementor-align-center elementor-widget elementor-widget-button\" data-id=\"e2e659c\" data-element_type=\"widget\" data-e-type=\"widget\" data-widget_type=\"button.default\">\n\t\t\t\t<div class=\"elementor-widget-container\">\n\t\t\t\t\t\t\t\t\t<div class=\"elementor-button-wrapper\">\n\t\t\t\t\t<a class=\"elementor-button elementor-button-link elementor-size-sm\" href=\"#auto\">\n\t\t\t\t\t\t<span class=\"elementor-button-content-wrapper\">\n\t\t\t\t\t\t\t\t\t<span class=\"elementor-button-text\">Scegli la tua Bentley<\/span>\n\t\t\t\t\t<\/span>\n\t\t\t\t\t<\/a>\n\t\t\t\t<\/div>\n\t\t\t\t\t\t\t\t<\/div>\n\t\t\t\t<\/div>\n\t\t\t\t\t<\/div>\n\t\t<\/div>\n\t\t\t\t\t<\/div>\n\t\t<\/section>\n\t\t\t\t<section class=\"elementor-section elementor-top-section elementor-element elementor-element-961b14f elementor-section-full_width elementor-section-height-default elementor-section-height-default\" data-id=\"961b14f\" data-element_type=\"section\" data-e-type=\"section\" id=\"auto\">\n\t\t\t\t\t\t<div class=\"elementor-container elementor-column-gap-default\">\n\t\t\t\t\t<div class=\"elementor-column elementor-col-100 elementor-top-column elementor-element elementor-element-d672399\" data-id=\"d672399\" data-element_type=\"column\" data-e-type=\"column\">\n\t\t\t<div class=\"elementor-widget-wrap elementor-element-populated\">\n\t\t\t\t\t\t<div class=\"elementor-element elementor-element-bd438ac elementor-widget elementor-widget-tp-blog-listout\" data-id=\"bd438ac\" data-element_type=\"widget\" data-e-type=\"widget\" data-widget_type=\"tp-blog-listout.default\">\n\t\t\t\t<div class=\"elementor-widget-container\">\n\t\t\t\t\t<div id=\"pt-plus-blog-post-list\" class=\"blog-list post69f5af2f5f002  list-isotope  blog-style-2 hover-image-none layout-style-1  \"  data-layout-type=\"fitRows\"   data-id=\"post69f5af2f5f002\" data-style=\"style-2\"   dir= data-enable-isotope=\"1\" filter-type = \"normal\"><div id=\"post69f5af2f5f002\" class=\"tp-row post-inner-loop post69f5af2f5f002 text-left  \" data-extparam= '{\"loading-opt\":\"skeleton\",\"URL-para\":\"\"}'  ><div class=\"grid-item metro-item  tp-col-lg-3 tp-col-md-6 tp-col-sm-6 tp-col-6  \"><article id=\"post-3102\" class=\"post-3102 post type-post status-publish format-standard has-post-thumbnail hentry category-sportcar tag-bentley\">\r\n\t<div class=\"blog-list-content\">\r\n\t\t\t\t<div class=\"post-content-image\">\r\n\t\t\t<a href=\"https:\/\/www.afluxuryrent.com\/it\/noleggio-auto-di-lusso-bentley-continental-gtc-speed-hybrid\/\">\r\n\t\t\t\t\t<div class=\"blog-featured-image  tp-cst-img-full img\">\r\n\t<span class=\"thumb-wrap\">\r\n\t\t<img fetchpriority=\"high\" decoding=\"async\" width=\"500\" height=\"500\" src=\"https:\/\/www.afluxuryrent.com\/wp-content\/uploads\/2025\/05\/Bentley-Cont-Hybrid-2.webp\" class=\"attachment-tp-image-grid size-tp-image-grid\" alt=\"Bentley Cont Hybrid\" \/>\t<\/span>\r\n\t<\/div>\r\n\t\t\t<\/a>\r\n\t\t\t\t\t<\/div>\r\n\t\t\t\t<div class=\"post-content-bottom\">\r\n\t\t\t\t\t\t<div class=\"post-metro-content\">\r\n\t\t\t\t<h2 class=\"post-title\">\r\n\t<a href=\"https:\/\/www.afluxuryrent.com\/it\/noleggio-auto-di-lusso-bentley-continental-gtc-speed-hybrid\/\" class=\"normal\">Bentley Continental GTC Speed Hybrid<\/a>\r\n<\/h2>\r\n\t\t\t\t\t\t\t\t\t\t\t\t\t\t\t\t\t\t\t\t<\/div>\r\n\t\t<\/div>\r\n\t\t\t\t<div class=\"pt-plus-button-wrapper\"><div class=\"button_parallax\"><div class=\"ts-button\"><div class=\"pt_plus_button btn69f5af2f5f8e1 button-style-9 \"><div class=\"animted-content-inner\"><a href=\"https:\/\/www.afluxuryrent.com\/it\/noleggio-auto-di-lusso-bentley-continental-gtc-speed-hybrid\/\" rel=\"nofollow\" class=\"button-link-wrap\" role=\"button\">SCOPRI L'AUTO +<span class=\"btn-arrow\"><i class=\"fa-show fas fa-chevron-right\" aria-hidden=\"true\"><\/i><i class=\"fa-hide fas fa-chevron-right\" aria-hidden=\"true\"><\/i><\/span><\/a><\/div><\/div><\/div><\/div><\/div>\t<\/div>\r\n<\/article>\r\n<\/div><div class=\"grid-item metro-item  tp-col-lg-3 tp-col-md-6 tp-col-sm-6 tp-col-6  \"><article id=\"post-1351\" class=\"post-1351 post type-post status-publish format-standard has-post-thumbnail hentry category-supersuv tag-bentley\">\r\n\t<div class=\"blog-list-content\">\r\n\t\t\t\t<div class=\"post-content-image\">\r\n\t\t\t<a href=\"https:\/\/www.afluxuryrent.com\/it\/noleggio-auto-di-lusso-bentley-bentayga-7-seats\/\">\r\n\t\t\t\t\t<div class=\"blog-featured-image  tp-cst-img-full img\">\r\n\t<span class=\"thumb-wrap\">\r\n\t\t<img decoding=\"async\" width=\"500\" height=\"500\" src=\"https:\/\/www.afluxuryrent.com\/wp-content\/uploads\/2025\/01\/Bentley-Bentayga-2.webp\" class=\"attachment-tp-image-grid size-tp-image-grid\" alt=\"Bentley Bentayga\" \/>\t<\/span>\r\n\t<\/div>\r\n\t\t\t<\/a>\r\n\t\t\t\t\t<\/div>\r\n\t\t\t\t<div class=\"post-content-bottom\">\r\n\t\t\t\t\t\t<div class=\"post-metro-content\">\r\n\t\t\t\t<h2 class=\"post-title\">\r\n\t<a href=\"https:\/\/www.afluxuryrent.com\/it\/noleggio-auto-di-lusso-bentley-bentayga-7-seats\/\" class=\"normal\">Bentley Bentayga<\/a>\r\n<\/h2>\r\n\t\t\t\t\t\t\t\t\t\t\t\t\t\t\t\t\t\t\t\t<\/div>\r\n\t\t<\/div>\r\n\t\t\t\t<div class=\"pt-plus-button-wrapper\"><div class=\"button_parallax\"><div class=\"ts-button\"><div class=\"pt_plus_button btn69f5af2f61ec7 button-style-9 \"><div class=\"animted-content-inner\"><a href=\"https:\/\/www.afluxuryrent.com\/it\/noleggio-auto-di-lusso-bentley-bentayga-7-seats\/\" rel=\"nofollow\" class=\"button-link-wrap\" role=\"button\">SCOPRI L'AUTO +<span class=\"btn-arrow\"><i class=\"fa-show fas fa-chevron-right\" aria-hidden=\"true\"><\/i><i class=\"fa-hide fas fa-chevron-right\" aria-hidden=\"true\"><\/i><\/span><\/a><\/div><\/div><\/div><\/div><\/div>\t<\/div>\r\n<\/article>\r\n<\/div><div class=\"grid-item metro-item  tp-col-lg-3 tp-col-md-6 tp-col-sm-6 tp-col-6  \"><article id=\"post-1279\" class=\"post-1279 post type-post status-publish format-standard has-post-thumbnail hentry category-sportcar tag-bentley\">\r\n\t<div class=\"blog-list-content\">\r\n\t\t\t\t<div class=\"post-content-image\">\r\n\t\t\t<a href=\"https:\/\/www.afluxuryrent.com\/it\/noleggio-auto-lusso-bentley-continental-gtc-w12-speed\/\">\r\n\t\t\t\t\t<div class=\"blog-featured-image  tp-cst-img-full img\">\r\n\t<span class=\"thumb-wrap\">\r\n\t\t<img decoding=\"async\" width=\"500\" height=\"500\" src=\"https:\/\/www.afluxuryrent.com\/wp-content\/uploads\/2025\/05\/Bentley-Cont-Speed-2.webp\" class=\"attachment-tp-image-grid size-tp-image-grid\" alt=\"Bentley Cont Speed\" \/>\t<\/span>\r\n\t<\/div>\r\n\t\t\t<\/a>\r\n\t\t\t\t\t<\/div>\r\n\t\t\t\t<div class=\"post-content-bottom\">\r\n\t\t\t\t\t\t<div class=\"post-metro-content\">\r\n\t\t\t\t<h2 class=\"post-title\">\r\n\t<a href=\"https:\/\/www.afluxuryrent.com\/it\/noleggio-auto-lusso-bentley-continental-gtc-w12-speed\/\" class=\"normal\">Bentley Continental GTC Speed<\/a>\r\n<\/h2>\r\n\t\t\t\t\t\t\t\t\t\t\t\t\t\t\t\t\t\t\t\t<\/div>\r\n\t\t<\/div>\r\n\t\t\t\t<div class=\"pt-plus-button-wrapper\"><div class=\"button_parallax\"><div class=\"ts-button\"><div class=\"pt_plus_button btn69f5af2f64044 button-style-9 \"><div class=\"animted-content-inner\"><a href=\"https:\/\/www.afluxuryrent.com\/it\/noleggio-auto-lusso-bentley-continental-gtc-w12-speed\/\" rel=\"nofollow\" class=\"button-link-wrap\" role=\"button\">SCOPRI L'AUTO +<span class=\"btn-arrow\"><i class=\"fa-show fas fa-chevron-right\" aria-hidden=\"true\"><\/i><i class=\"fa-hide fas fa-chevron-right\" aria-hidden=\"true\"><\/i><\/span><\/a><\/div><\/div><\/div><\/div><\/div>\t<\/div>\r\n<\/article>\r\n<\/div><\/div><\/div>\t\t\t\t<\/div>\n\t\t\t\t<\/div>\n\t\t\t\t\t<\/div>\n\t\t<\/div>\n\t\t\t\t\t<\/div>\n\t\t<\/section>\n\t\t\t\t<section class=\"elementor-section elementor-top-section elementor-element elementor-element-6fd2d2a elementor-section-full_width elementor-section-height-default elementor-section-height-default\" data-id=\"6fd2d2a\" data-element_type=\"section\" data-e-type=\"section\">\n\t\t\t\t\t\t<div class=\"elementor-container elementor-column-gap-default\">\n\t\t\t\t\t<div class=\"elementor-column elementor-col-50 elementor-top-column elementor-element elementor-element-500eb41\" data-id=\"500eb41\" data-element_type=\"column\" data-e-type=\"column\" data-settings=\"{&quot;background_background&quot;:&quot;classic&quot;}\">\n\t\t\t<div class=\"elementor-widget-wrap elementor-element-populated\">\n\t\t\t\t\t\t<div class=\"elementor-element elementor-element-b5fb951 elementor-widget elementor-widget-spacer\" data-id=\"b5fb951\" data-element_type=\"widget\" data-e-type=\"widget\" data-widget_type=\"spacer.default\">\n\t\t\t\t<div class=\"elementor-widget-container\">\n\t\t\t\t\t\t\t<div class=\"elementor-spacer\">\n\t\t\t<div class=\"elementor-spacer-inner\"><\/div>\n\t\t<\/div>\n\t\t\t\t\t\t<\/div>\n\t\t\t\t<\/div>\n\t\t\t\t\t<\/div>\n\t\t<\/div>\n\t\t\t\t<div class=\"elementor-column elementor-col-50 elementor-top-column elementor-element elementor-element-4b5e047\" data-id=\"4b5e047\" data-element_type=\"column\" data-e-type=\"column\">\n\t\t\t<div class=\"elementor-widget-wrap elementor-element-populated\">\n\t\t\t\t\t\t<div class=\"elementor-element elementor-element-d23a958 elementor-widget elementor-widget-heading\" data-id=\"d23a958\" data-element_type=\"widget\" data-e-type=\"widget\" data-widget_type=\"heading.default\">\n\t\t\t\t<div class=\"elementor-widget-container\">\n\t\t\t\t\t<h2 class=\"elementor-heading-title elementor-size-default\">Perch\u00e8 noleggiare una Bentley? <\/h2>\t\t\t\t<\/div>\n\t\t\t\t<\/div>\n\t\t\t\t<div class=\"elementor-element elementor-element-5fe9047 elementor-widget elementor-widget-text-editor\" data-id=\"5fe9047\" data-element_type=\"widget\" data-e-type=\"widget\" data-widget_type=\"text-editor.default\">\n\t\t\t\t<div class=\"elementor-widget-container\">\n\t\t\t\t\t\t\t\t\t<p>Il lusso artigianale e le prestazioni automobilistiche raggiungono la loro massima espressione in ogni Bentley. Realizzate a mano con materiali pregiati e un design senza tempo, queste vetture offrono un&#8217;<strong>esperienza di guida impareggiabile.<\/strong> Linee eleganti e interni raffinati si fondono per creare un <strong>equilibrio perfetto tra comfort e potenza.\u00a0<\/strong><\/p><p><strong>Lasciati sedurre dall&#8217;eccellenza su strada.<\/strong><\/p>\t\t\t\t\t\t\t\t<\/div>\n\t\t\t\t<\/div>\n\t\t\t\t<div class=\"elementor-element elementor-element-b7b9e36 elementor-widget elementor-widget-heading\" data-id=\"b7b9e36\" data-element_type=\"widget\" data-e-type=\"widget\" data-widget_type=\"heading.default\">\n\t\t\t\t<div class=\"elementor-widget-container\">\n\t\t\t\t\t<h3 class=\"elementor-heading-title elementor-size-default\">Noleggia la tua auto di lusso<\/h3>\t\t\t\t<\/div>\n\t\t\t\t<\/div>\n\t\t\t\t<div class=\"elementor-element elementor-element-26b0284 elementor-align-left elementor-widget elementor-widget-global elementor-global-1020 elementor-widget-button\" data-id=\"26b0284\" data-element_type=\"widget\" data-e-type=\"widget\" data-widget_type=\"button.default\">\n\t\t\t\t<div class=\"elementor-widget-container\">\n\t\t\t\t\t\t\t\t\t<div class=\"elementor-button-wrapper\">\n\t\t\t\t\t<a class=\"elementor-button elementor-button-link elementor-size-sm\" href=\"https:\/\/www.afluxuryrent.com\/it\/prenota-ora\/\" target=\"_blank\">\n\t\t\t\t\t\t<span class=\"elementor-button-content-wrapper\">\n\t\t\t\t\t\t\t\t\t<span class=\"elementor-button-text\">parla con un esperto AF<\/span>\n\t\t\t\t\t<\/span>\n\t\t\t\t\t<\/a>\n\t\t\t\t<\/div>\n\t\t\t\t\t\t\t\t<\/div>\n\t\t\t\t<\/div>\n\t\t\t\t\t<\/div>\n\t\t<\/div>\n\t\t\t\t\t<\/div>\n\t\t<\/section>\n\t\t\t\t<section class=\"elementor-section elementor-top-section elementor-element elementor-element-eb10099 elementor-section-full_width elementor-section-height-default elementor-section-height-default\" data-id=\"eb10099\" data-element_type=\"section\" data-e-type=\"section\">\n\t\t\t\t\t\t<div class=\"elementor-container elementor-column-gap-default\">\n\t\t\t\t\t<div class=\"elementor-column elementor-col-100 elementor-top-column elementor-element elementor-element-efc4dd3\" data-id=\"efc4dd3\" data-element_type=\"column\" data-e-type=\"column\">\n\t\t\t<div class=\"elementor-widget-wrap elementor-element-populated\">\n\t\t\t\t\t\t<section class=\"elementor-section elementor-inner-section elementor-element elementor-element-5a5eb6a elementor-section-boxed elementor-section-height-default elementor-section-height-default\" data-id=\"5a5eb6a\" data-element_type=\"section\" data-e-type=\"section\">\n\t\t\t\t\t\t<div class=\"elementor-container elementor-column-gap-default\">\n\t\t\t\t\t<div class=\"elementor-column elementor-col-100 elementor-inner-column elementor-element elementor-element-144d787\" data-id=\"144d787\" data-element_type=\"column\" data-e-type=\"column\">\n\t\t\t<div class=\"elementor-widget-wrap elementor-element-populated\">\n\t\t\t\t\t\t<div class=\"elementor-element elementor-element-4c94056 elementor-widget-divider--view-line elementor-widget elementor-widget-divider\" data-id=\"4c94056\" data-element_type=\"widget\" data-e-type=\"widget\" data-widget_type=\"divider.default\">\n\t\t\t\t<div class=\"elementor-widget-container\">\n\t\t\t\t\t\t\t<div class=\"elementor-divider\">\n\t\t\t<span class=\"elementor-divider-separator\">\n\t\t\t\t\t\t<\/span>\n\t\t<\/div>\n\t\t\t\t\t\t<\/div>\n\t\t\t\t<\/div>\n\t\t\t\t<div class=\"elementor-element elementor-element-739a9f3 elementor-widget elementor-widget-heading\" data-id=\"739a9f3\" data-element_type=\"widget\" data-e-type=\"widget\" data-widget_type=\"heading.default\">\n\t\t\t\t<div class=\"elementor-widget-container\">\n\t\t\t\t\t<h2 class=\"elementor-heading-title elementor-size-default\">Scegli la tua destinazione e<b class=\"oro\"> inizia il tuo viaggio <\/b>  con AF<\/h2>\t\t\t\t<\/div>\n\t\t\t\t<\/div>\n\t\t\t\t\t<\/div>\n\t\t<\/div>\n\t\t\t\t\t<\/div>\n\t\t<\/section>\n\t\t\t\t<section class=\"elementor-section elementor-inner-section elementor-element elementor-element-7db648d elementor-section-full_width elementor-section-height-default elementor-section-height-default\" data-id=\"7db648d\" data-element_type=\"section\" data-e-type=\"section\">\n\t\t\t\t\t\t<div class=\"elementor-container elementor-column-gap-default\">\n\t\t\t\t\t<div class=\"elementor-column elementor-col-33 elementor-inner-column elementor-element elementor-element-6a4aef8\" data-id=\"6a4aef8\" data-element_type=\"column\" data-e-type=\"column\">\n\t\t\t<div class=\"elementor-widget-wrap elementor-element-populated\">\n\t\t\t\t\t\t<div class=\"elementor-element elementor-element-3d60710 elementor-widget elementor-widget-image\" data-id=\"3d60710\" data-element_type=\"widget\" data-e-type=\"widget\" data-widget_type=\"image.default\">\n\t\t\t\t<div class=\"elementor-widget-container\">\n\t\t\t\t\t\t\t\t\t\t\t\t\t\t\t\t<a href=\"https:\/\/www.afluxuryrent.com\/it\/destinazioni\/noleggio-auto-di-lusso-a-milano\/\">\n\t\t\t\t\t\t\t<img loading=\"lazy\" decoding=\"async\" width=\"960\" height=\"680\" src=\"https:\/\/www.afluxuryrent.com\/wp-content\/uploads\/2025\/01\/milano.webp\" class=\"attachment-large size-large wp-image-976\" alt=\"Luxury Car Rental in Milan - AF Group\" srcset=\"https:\/\/www.afluxuryrent.com\/wp-content\/uploads\/2025\/01\/milano.webp 960w, https:\/\/www.afluxuryrent.com\/wp-content\/uploads\/2025\/01\/milano-768x544.webp 768w\" sizes=\"(max-width: 960px) 100vw, 960px\" \/>\t\t\t\t\t\t\t\t<\/a>\n\t\t\t\t\t\t\t\t\t\t\t\t\t\t\t<\/div>\n\t\t\t\t<\/div>\n\t\t\t\t<div class=\"elementor-element elementor-element-99f74d8 elementor-cta--skin-classic elementor-animated-content elementor-bg-transform elementor-bg-transform-zoom-in elementor-widget elementor-widget-call-to-action\" data-id=\"99f74d8\" data-element_type=\"widget\" data-e-type=\"widget\" data-widget_type=\"call-to-action.default\">\n\t\t\t\t<div class=\"elementor-widget-container\">\n\t\t\t\t\t\t\t<a class=\"elementor-cta\" href=\"https:\/\/www.afluxuryrent.com\/it\/destinazioni\/noleggio-auto-di-lusso-a-milano\/\">\n\t\t\t\t\t\t\t<div class=\"elementor-cta__content\">\n\t\t\t\t\n\t\t\t\t\t\t\t\t\t<h5 class=\"elementor-cta__title elementor-cta__content-item elementor-content-item\">\n\t\t\t\t\t\tITALIA\t\t\t\t\t<\/h5>\n\t\t\t\t\n\t\t\t\t\t\t\t\t\t<div class=\"elementor-cta__description elementor-cta__content-item elementor-content-item\">\n\t\t\t\t\t\t<h4 style=\"color:#212121;font-size:32px\">Milano<\/h4>\n<p>La capitale della moda, del design, del lusso e degli affari. Un luogo da vivere per lavoro e per piacere, un viaggio tra passato e futuro da vivere a bordo di un\u2019auto di lusso.<\/p>\t\t\t\t\t<\/div>\n\t\t\t\t\n\t\t\t\t\t\t\t\t\t<div class=\"elementor-cta__button-wrapper elementor-cta__content-item elementor-content-item \">\n\t\t\t\t\t<span class=\"elementor-cta__button elementor-button elementor-size-\">\n\t\t\t\t\t\tScopri la destinazione\t\t\t\t\t<\/span>\n\t\t\t\t\t<\/div>\n\t\t\t\t\t\t\t<\/div>\n\t\t\t\t\t\t<\/a>\n\t\t\t\t\t\t<\/div>\n\t\t\t\t<\/div>\n\t\t\t\t\t<\/div>\n\t\t<\/div>\n\t\t\t\t<div class=\"elementor-column elementor-col-33 elementor-inner-column elementor-element elementor-element-eb7be5f\" data-id=\"eb7be5f\" data-element_type=\"column\" data-e-type=\"column\">\n\t\t\t<div class=\"elementor-widget-wrap elementor-element-populated\">\n\t\t\t\t\t\t<div class=\"elementor-element elementor-element-9f20322 elementor-widget elementor-widget-image\" data-id=\"9f20322\" data-element_type=\"widget\" data-e-type=\"widget\" data-widget_type=\"image.default\">\n\t\t\t\t<div class=\"elementor-widget-container\">\n\t\t\t\t\t\t\t\t\t\t\t\t\t\t\t\t<a href=\"https:\/\/www.afluxuryrent.com\/it\/destinazioni\/noleggio-auto-di-lusso-a-venezia\/\">\n\t\t\t\t\t\t\t<img loading=\"lazy\" decoding=\"async\" width=\"960\" height=\"680\" src=\"https:\/\/www.afluxuryrent.com\/wp-content\/uploads\/2025\/01\/Venezia.webp\" class=\"attachment-large size-large wp-image-977\" alt=\"Luxury Car Rental in Venice - AF Group\" srcset=\"https:\/\/www.afluxuryrent.com\/wp-content\/uploads\/2025\/01\/Venezia.webp 960w, https:\/\/www.afluxuryrent.com\/wp-content\/uploads\/2025\/01\/Venezia-768x544.webp 768w\" sizes=\"(max-width: 960px) 100vw, 960px\" \/>\t\t\t\t\t\t\t\t<\/a>\n\t\t\t\t\t\t\t\t\t\t\t\t\t\t\t<\/div>\n\t\t\t\t<\/div>\n\t\t\t\t<div class=\"elementor-element elementor-element-adb7e6e elementor-cta--skin-classic elementor-animated-content elementor-bg-transform elementor-bg-transform-zoom-in elementor-widget elementor-widget-call-to-action\" data-id=\"adb7e6e\" data-element_type=\"widget\" data-e-type=\"widget\" data-widget_type=\"call-to-action.default\">\n\t\t\t\t<div class=\"elementor-widget-container\">\n\t\t\t\t\t\t\t<a class=\"elementor-cta\" href=\"https:\/\/www.afluxuryrent.com\/it\/destinazioni\/noleggio-auto-di-lusso-a-venezia\/\">\n\t\t\t\t\t\t\t<div class=\"elementor-cta__content\">\n\t\t\t\t\n\t\t\t\t\t\t\t\t\t<h5 class=\"elementor-cta__title elementor-cta__content-item elementor-content-item\">\n\t\t\t\t\t\tITALIA\t\t\t\t\t<\/h5>\n\t\t\t\t\n\t\t\t\t\t\t\t\t\t<div class=\"elementor-cta__description elementor-cta__content-item elementor-content-item\">\n\t\t\t\t\t\t<h4 style=\"color:#212121;font-size:32px\">Venezia<\/h4>\n<p>Un gioiello senza tempo, sospeso tra acqua e cielo. Venezia incanta con il suo labirinto di calli, ponti e palazzi storici, un vero museo a cielo aperto. Eleganza e fascino si intrecciano in un\u2019atmosfera unica, perfetta per essere vissuta con stile e raffinatezza.<\/p>\t\t\t\t\t<\/div>\n\t\t\t\t\n\t\t\t\t\t\t\t\t\t<div class=\"elementor-cta__button-wrapper elementor-cta__content-item elementor-content-item \">\n\t\t\t\t\t<span class=\"elementor-cta__button elementor-button elementor-size-\">\n\t\t\t\t\t\tScopri la destinazione\t\t\t\t\t<\/span>\n\t\t\t\t\t<\/div>\n\t\t\t\t\t\t\t<\/div>\n\t\t\t\t\t\t<\/a>\n\t\t\t\t\t\t<\/div>\n\t\t\t\t<\/div>\n\t\t\t\t\t<\/div>\n\t\t<\/div>\n\t\t\t\t<div class=\"elementor-column elementor-col-33 elementor-inner-column elementor-element elementor-element-c24ce06\" data-id=\"c24ce06\" data-element_type=\"column\" data-e-type=\"column\">\n\t\t\t<div class=\"elementor-widget-wrap elementor-element-populated\">\n\t\t\t\t\t\t<div class=\"elementor-element elementor-element-a168292 elementor-widget elementor-widget-image\" data-id=\"a168292\" data-element_type=\"widget\" data-e-type=\"widget\" data-widget_type=\"image.default\">\n\t\t\t\t<div class=\"elementor-widget-container\">\n\t\t\t\t\t\t\t\t\t\t\t\t\t\t\t\t<a href=\"https:\/\/www.afluxuryrent.com\/it\/destinazioni\/noleggio-auto-di-lusso-langhe-e-monferrato\/\">\n\t\t\t\t\t\t\t<img loading=\"lazy\" decoding=\"async\" width=\"960\" height=\"680\" src=\"https:\/\/www.afluxuryrent.com\/wp-content\/uploads\/2025\/01\/langhe-monferrato.webp\" class=\"attachment-large size-large wp-image-978\" alt=\"Luxury Car Rental in Langhe e Monferrato - AF Group\" srcset=\"https:\/\/www.afluxuryrent.com\/wp-content\/uploads\/2025\/01\/langhe-monferrato.webp 960w, https:\/\/www.afluxuryrent.com\/wp-content\/uploads\/2025\/01\/langhe-monferrato-768x544.webp 768w\" sizes=\"(max-width: 960px) 100vw, 960px\" \/>\t\t\t\t\t\t\t\t<\/a>\n\t\t\t\t\t\t\t\t\t\t\t\t\t\t\t<\/div>\n\t\t\t\t<\/div>\n\t\t\t\t<div class=\"elementor-element elementor-element-2a01bc0 elementor-cta--skin-classic elementor-animated-content elementor-bg-transform elementor-bg-transform-zoom-in elementor-widget elementor-widget-call-to-action\" data-id=\"2a01bc0\" data-element_type=\"widget\" data-e-type=\"widget\" data-widget_type=\"call-to-action.default\">\n\t\t\t\t<div class=\"elementor-widget-container\">\n\t\t\t\t\t\t\t<a class=\"elementor-cta\" href=\"https:\/\/www.afluxuryrent.com\/it\/destinazioni\/noleggio-auto-di-lusso-langhe-e-monferrato\/\">\n\t\t\t\t\t\t\t<div class=\"elementor-cta__content\">\n\t\t\t\t\n\t\t\t\t\t\t\t\t\t<h5 class=\"elementor-cta__title elementor-cta__content-item elementor-content-item\">\n\t\t\t\t\t\tITALIA\t\t\t\t\t<\/h5>\n\t\t\t\t\n\t\t\t\t\t\t\t\t\t<div class=\"elementor-cta__description elementor-cta__content-item elementor-content-item\">\n\t\t\t\t\t\t<h4 style=\"color:#212121;font-size:32px\">Langhe e Monferrato<\/h4>\n<p>Un viaggio tra colline incantate, vigneti prestigiosi e borghi pittoreschi. Un territorio ricco di storia, sapori e tradizioni da scoprire in un viaggio immerso nell\u2019eleganza della campagna piemontese.\n<\/p>\t\t\t\t\t<\/div>\n\t\t\t\t\n\t\t\t\t\t\t\t\t\t<div class=\"elementor-cta__button-wrapper elementor-cta__content-item elementor-content-item \">\n\t\t\t\t\t<span class=\"elementor-cta__button elementor-button elementor-size-\">\n\t\t\t\t\t\tScopri la destinazione\t\t\t\t\t<\/span>\n\t\t\t\t\t<\/div>\n\t\t\t\t\t\t\t<\/div>\n\t\t\t\t\t\t<\/a>\n\t\t\t\t\t\t<\/div>\n\t\t\t\t<\/div>\n\t\t\t\t\t<\/div>\n\t\t<\/div>\n\t\t\t\t\t<\/div>\n\t\t<\/section>\n\t\t\t\t\t<\/div>\n\t\t<\/div>\n\t\t\t\t\t<\/div>\n\t\t<\/section>\n\t\t\t\t<\/div>\n\t\t","protected":false},"excerpt":{"rendered":"<p>Noleggio auto di lusso: Bentley Lo stile non si limita a ci\u00f2 che indossi, ma si manifesta in ci\u00f2 che guidi. Scegli la tua Bentley Posts not found Perch\u00e8 noleggiare una Bentley? Il lusso artigianale e le prestazioni automobilistiche raggiungono la loro massima espressione in ogni Bentley. Realizzate a mano con materiali pregiati e un [&hellip;]<\/p>\n","protected":false},"author":1,"featured_media":3515,"parent":0,"menu_order":0,"comment_status":"closed","ping_status":"closed","template":"","meta":{"footnotes":""},"class_list":["post-1182","page","type-page","status-publish","has-post-thumbnail","hentry"],"yoast_head":"<!-- This site is optimized with the Yoast SEO plugin v27.2 - https:\/\/yoast.com\/product\/yoast-seo-wordpress\/ -->\n<title>Noleggio Bentley a Milano con i nostri Luxury Concierge<\/title>\n<meta name=\"description\" content=\"Noleggio Bentley a Milano, Venezia, Langhe e Monferrato, Versilia e Forte dei Marmi, Costa Smeralda, Montecarlo, St. Moritz, Zurigo, Costa azzurra, Francia, Germania, Italia con l&#039;aiuto dei nostri Luxury Concierge. Pronto a offrirti un servizio senza pari, costruito attorno alle tue esigenze.\" \/>\n<meta name=\"robots\" content=\"index, follow, max-snippet:-1, max-image-preview:large, max-video-preview:-1\" \/>\n<link rel=\"canonical\" href=\"https:\/\/www.afluxuryrent.com\/it\/noleggio-auto-di-lusso-bentley\/\" \/>\n<meta property=\"og:locale\" content=\"it_IT\" \/>\n<meta property=\"og:type\" content=\"article\" \/>\n<meta property=\"og:title\" content=\"Noleggio Bentley a Milano con i nostri Luxury Concierge\" \/>\n<meta property=\"og:description\" content=\"Noleggio Bentley a Milano, Venezia, Langhe e Monferrato, Versilia e Forte dei Marmi, Costa Smeralda, Montecarlo, St. Moritz, Zurigo, Costa azzurra, Francia, Germania, Italia con l&#039;aiuto dei nostri Luxury Concierge. Pronto a offrirti un servizio senza pari, costruito attorno alle tue esigenze.\" \/>\n<meta property=\"og:url\" content=\"https:\/\/www.afluxuryrent.com\/it\/noleggio-auto-di-lusso-bentley\/\" \/>\n<meta property=\"og:site_name\" content=\"AF Group\" \/>\n<meta property=\"article:modified_time\" content=\"2025-04-02T14:28:42+00:00\" \/>\n<meta property=\"og:image\" content=\"https:\/\/www.afluxuryrent.com\/wp-content\/uploads\/2025\/02\/af-group-share.webp\" \/>\n\t<meta property=\"og:image:width\" content=\"800\" \/>\n\t<meta property=\"og:image:height\" content=\"600\" \/>\n\t<meta property=\"og:image:type\" content=\"image\/webp\" \/>\n<meta name=\"twitter:card\" content=\"summary_large_image\" \/>\n<script type=\"application\/ld+json\" class=\"yoast-schema-graph\">{\"@context\":\"https:\/\/schema.org\",\"@graph\":[{\"@type\":\"WebPage\",\"@id\":\"https:\/\/www.afluxuryrent.com\/it\/noleggio-auto-di-lusso-bentley\/\",\"url\":\"https:\/\/www.afluxuryrent.com\/it\/noleggio-auto-di-lusso-bentley\/\",\"name\":\"Noleggio Bentley a Milano con i nostri Luxury Concierge\",\"isPartOf\":{\"@id\":\"https:\/\/www.afluxuryrent.com\/it\/#website\"},\"primaryImageOfPage\":{\"@id\":\"https:\/\/www.afluxuryrent.com\/it\/noleggio-auto-di-lusso-bentley\/#primaryimage\"},\"image\":{\"@id\":\"https:\/\/www.afluxuryrent.com\/it\/noleggio-auto-di-lusso-bentley\/#primaryimage\"},\"thumbnailUrl\":\"https:\/\/www.afluxuryrent.com\/wp-content\/uploads\/2025\/02\/af-group-share.webp\",\"datePublished\":\"2025-02-04T11:15:48+00:00\",\"dateModified\":\"2025-04-02T14:28:42+00:00\",\"description\":\"Noleggio Bentley a Milano, Venezia, Langhe e Monferrato, Versilia e Forte dei Marmi, Costa Smeralda, Montecarlo, St. Moritz, Zurigo, Costa azzurra, Francia, Germania, Italia con l'aiuto dei nostri Luxury Concierge. Pronto a offrirti un servizio senza pari, costruito attorno alle tue esigenze.\",\"breadcrumb\":{\"@id\":\"https:\/\/www.afluxuryrent.com\/it\/noleggio-auto-di-lusso-bentley\/#breadcrumb\"},\"inLanguage\":\"it-IT\",\"potentialAction\":[{\"@type\":\"ReadAction\",\"target\":[\"https:\/\/www.afluxuryrent.com\/it\/noleggio-auto-di-lusso-bentley\/\"]}]},{\"@type\":\"ImageObject\",\"inLanguage\":\"it-IT\",\"@id\":\"https:\/\/www.afluxuryrent.com\/it\/noleggio-auto-di-lusso-bentley\/#primaryimage\",\"url\":\"https:\/\/www.afluxuryrent.com\/wp-content\/uploads\/2025\/02\/af-group-share.webp\",\"contentUrl\":\"https:\/\/www.afluxuryrent.com\/wp-content\/uploads\/2025\/02\/af-group-share.webp\",\"width\":800,\"height\":600,\"caption\":\"Luxury Car Rental - AF Group\"},{\"@type\":\"BreadcrumbList\",\"@id\":\"https:\/\/www.afluxuryrent.com\/it\/noleggio-auto-di-lusso-bentley\/#breadcrumb\",\"itemListElement\":[{\"@type\":\"ListItem\",\"position\":1,\"name\":\"Home\",\"item\":\"https:\/\/www.afluxuryrent.com\/it\/\"},{\"@type\":\"ListItem\",\"position\":2,\"name\":\"Brand &#8211; Bentley\"}]},{\"@type\":\"WebSite\",\"@id\":\"https:\/\/www.afluxuryrent.com\/it\/#website\",\"url\":\"https:\/\/www.afluxuryrent.com\/it\/\",\"name\":\"AF Group\",\"description\":\"Luxury rent\",\"publisher\":{\"@id\":\"https:\/\/www.afluxuryrent.com\/it\/#organization\"},\"potentialAction\":[{\"@type\":\"SearchAction\",\"target\":{\"@type\":\"EntryPoint\",\"urlTemplate\":\"https:\/\/www.afluxuryrent.com\/it\/?s={search_term_string}\"},\"query-input\":{\"@type\":\"PropertyValueSpecification\",\"valueRequired\":true,\"valueName\":\"search_term_string\"}}],\"inLanguage\":\"it-IT\"},{\"@type\":\"Organization\",\"@id\":\"https:\/\/www.afluxuryrent.com\/it\/#organization\",\"name\":\"AF Group\",\"url\":\"https:\/\/www.afluxuryrent.com\/it\/\",\"logo\":{\"@type\":\"ImageObject\",\"inLanguage\":\"it-IT\",\"@id\":\"https:\/\/www.afluxuryrent.com\/it\/#\/schema\/logo\/image\/\",\"url\":\"https:\/\/www.afluxuryrent.com\/wp-content\/uploads\/2021\/04\/logo-af-sito.png\",\"contentUrl\":\"https:\/\/www.afluxuryrent.com\/wp-content\/uploads\/2021\/04\/logo-af-sito.png\",\"width\":500,\"height\":353,\"caption\":\"AF Group\"},\"image\":{\"@id\":\"https:\/\/www.afluxuryrent.com\/it\/#\/schema\/logo\/image\/\"}}]}<\/script>\n<!-- \/ Yoast SEO plugin. -->","yoast_head_json":{"title":"Noleggio Bentley a Milano con i nostri Luxury Concierge","description":"Noleggio Bentley a Milano, Venezia, Langhe e Monferrato, Versilia e Forte dei Marmi, Costa Smeralda, Montecarlo, St. Moritz, Zurigo, Costa azzurra, Francia, Germania, Italia con l'aiuto dei nostri Luxury Concierge. Pronto a offrirti un servizio senza pari, costruito attorno alle tue esigenze.","robots":{"index":"index","follow":"follow","max-snippet":"max-snippet:-1","max-image-preview":"max-image-preview:large","max-video-preview":"max-video-preview:-1"},"canonical":"https:\/\/www.afluxuryrent.com\/it\/noleggio-auto-di-lusso-bentley\/","og_locale":"it_IT","og_type":"article","og_title":"Noleggio Bentley a Milano con i nostri Luxury Concierge","og_description":"Noleggio Bentley a Milano, Venezia, Langhe e Monferrato, Versilia e Forte dei Marmi, Costa Smeralda, Montecarlo, St. Moritz, Zurigo, Costa azzurra, Francia, Germania, Italia con l'aiuto dei nostri Luxury Concierge. Pronto a offrirti un servizio senza pari, costruito attorno alle tue esigenze.","og_url":"https:\/\/www.afluxuryrent.com\/it\/noleggio-auto-di-lusso-bentley\/","og_site_name":"AF Group","article_modified_time":"2025-04-02T14:28:42+00:00","og_image":[{"width":800,"height":600,"url":"https:\/\/www.afluxuryrent.com\/wp-content\/uploads\/2025\/02\/af-group-share.webp","type":"image\/webp"}],"twitter_card":"summary_large_image","schema":{"@context":"https:\/\/schema.org","@graph":[{"@type":"WebPage","@id":"https:\/\/www.afluxuryrent.com\/it\/noleggio-auto-di-lusso-bentley\/","url":"https:\/\/www.afluxuryrent.com\/it\/noleggio-auto-di-lusso-bentley\/","name":"Noleggio Bentley a Milano con i nostri Luxury Concierge","isPartOf":{"@id":"https:\/\/www.afluxuryrent.com\/it\/#website"},"primaryImageOfPage":{"@id":"https:\/\/www.afluxuryrent.com\/it\/noleggio-auto-di-lusso-bentley\/#primaryimage"},"image":{"@id":"https:\/\/www.afluxuryrent.com\/it\/noleggio-auto-di-lusso-bentley\/#primaryimage"},"thumbnailUrl":"https:\/\/www.afluxuryrent.com\/wp-content\/uploads\/2025\/02\/af-group-share.webp","datePublished":"2025-02-04T11:15:48+00:00","dateModified":"2025-04-02T14:28:42+00:00","description":"Noleggio Bentley a Milano, Venezia, Langhe e Monferrato, Versilia e Forte dei Marmi, Costa Smeralda, Montecarlo, St. Moritz, Zurigo, Costa azzurra, Francia, Germania, Italia con l'aiuto dei nostri Luxury Concierge. Pronto a offrirti un servizio senza pari, costruito attorno alle tue esigenze.","breadcrumb":{"@id":"https:\/\/www.afluxuryrent.com\/it\/noleggio-auto-di-lusso-bentley\/#breadcrumb"},"inLanguage":"it-IT","potentialAction":[{"@type":"ReadAction","target":["https:\/\/www.afluxuryrent.com\/it\/noleggio-auto-di-lusso-bentley\/"]}]},{"@type":"ImageObject","inLanguage":"it-IT","@id":"https:\/\/www.afluxuryrent.com\/it\/noleggio-auto-di-lusso-bentley\/#primaryimage","url":"https:\/\/www.afluxuryrent.com\/wp-content\/uploads\/2025\/02\/af-group-share.webp","contentUrl":"https:\/\/www.afluxuryrent.com\/wp-content\/uploads\/2025\/02\/af-group-share.webp","width":800,"height":600,"caption":"Luxury Car Rental - AF Group"},{"@type":"BreadcrumbList","@id":"https:\/\/www.afluxuryrent.com\/it\/noleggio-auto-di-lusso-bentley\/#breadcrumb","itemListElement":[{"@type":"ListItem","position":1,"name":"Home","item":"https:\/\/www.afluxuryrent.com\/it\/"},{"@type":"ListItem","position":2,"name":"Brand &#8211; Bentley"}]},{"@type":"WebSite","@id":"https:\/\/www.afluxuryrent.com\/it\/#website","url":"https:\/\/www.afluxuryrent.com\/it\/","name":"AF Group","description":"Luxury rent","publisher":{"@id":"https:\/\/www.afluxuryrent.com\/it\/#organization"},"potentialAction":[{"@type":"SearchAction","target":{"@type":"EntryPoint","urlTemplate":"https:\/\/www.afluxuryrent.com\/it\/?s={search_term_string}"},"query-input":{"@type":"PropertyValueSpecification","valueRequired":true,"valueName":"search_term_string"}}],"inLanguage":"it-IT"},{"@type":"Organization","@id":"https:\/\/www.afluxuryrent.com\/it\/#organization","name":"AF Group","url":"https:\/\/www.afluxuryrent.com\/it\/","logo":{"@type":"ImageObject","inLanguage":"it-IT","@id":"https:\/\/www.afluxuryrent.com\/it\/#\/schema\/logo\/image\/","url":"https:\/\/www.afluxuryrent.com\/wp-content\/uploads\/2021\/04\/logo-af-sito.png","contentUrl":"https:\/\/www.afluxuryrent.com\/wp-content\/uploads\/2021\/04\/logo-af-sito.png","width":500,"height":353,"caption":"AF Group"},"image":{"@id":"https:\/\/www.afluxuryrent.com\/it\/#\/schema\/logo\/image\/"}}]}},"_links":{"self":[{"href":"https:\/\/www.afluxuryrent.com\/it\/wp-json\/wp\/v2\/pages\/1182","targetHints":{"allow":["GET"]}}],"collection":[{"href":"https:\/\/www.afluxuryrent.com\/it\/wp-json\/wp\/v2\/pages"}],"about":[{"href":"https:\/\/www.afluxuryrent.com\/it\/wp-json\/wp\/v2\/types\/page"}],"author":[{"embeddable":true,"href":"https:\/\/www.afluxuryrent.com\/it\/wp-json\/wp\/v2\/users\/1"}],"replies":[{"embeddable":true,"href":"https:\/\/www.afluxuryrent.com\/it\/wp-json\/wp\/v2\/comments?post=1182"}],"version-history":[{"count":15,"href":"https:\/\/www.afluxuryrent.com\/it\/wp-json\/wp\/v2\/pages\/1182\/revisions"}],"predecessor-version":[{"id":5482,"href":"https:\/\/www.afluxuryrent.com\/it\/wp-json\/wp\/v2\/pages\/1182\/revisions\/5482"}],"wp:featuredmedia":[{"embeddable":true,"href":"https:\/\/www.afluxuryrent.com\/it\/wp-json\/wp\/v2\/media\/3515"}],"wp:attachment":[{"href":"https:\/\/www.afluxuryrent.com\/it\/wp-json\/wp\/v2\/media?parent=1182"}],"curies":[{"name":"wp","href":"https:\/\/api.w.org\/{rel}","templated":true}]}}